{"id":21,"date":"2024-03-13T17:58:52","date_gmt":"2024-03-13T16:58:52","guid":{"rendered":"https:\/\/formation-geste-soins-urgence-idel.fr\/?page_id=21"},"modified":"2026-02-17T11:34:39","modified_gmt":"2026-02-17T10:34:39","slug":"formation-dpc-idel-situations-sanitaires-exceptionnelles-sse","status":"publish","type":"page","link":"https:\/\/formation-geste-soins-urgence-idel.fr\/","title":{"rendered":"Formation DPC idel &#8211; Situations sanitaires exceptionnelles : SSE"},"content":{"rendered":"<p>[et_pb_section fb_built=&#8221;1&#8243; admin_label=&#8221;Header&#8221; _builder_version=&#8221;4.24.2&#8243; _module_preset=&#8221;default&#8221; background_enable_color=&#8221;off&#8221; use_background_color_gradient=&#8221;on&#8221; background_color_gradient_direction=&#8221;90deg&#8221; background_color_gradient_stops=&#8221;rgba(0,0,0,0.7) 10%|rgba(0,0,0,0) 90%&#8221; background_color_gradient_overlays_image=&#8221;on&#8221; background_color_gradient_start=&#8221;rgba(0,0,0,0.7)&#8221; background_color_gradient_start_position=&#8221;10%&#8221; background_color_gradient_end=&#8221;rgba(0,0,0,0)&#8221; background_color_gradient_end_position=&#8221;90%&#8221; background_image=&#8221;http:\/\/formation-geste-soins-urgence-idel.fr\/wp-content\/uploads\/2024\/03\/formation-geste-soins-urgence-idel-perpignan.jpg&#8221; custom_padding=&#8221;5vw||10vw||false|false&#8221; global_colors_info=&#8221;{}&#8221;][et_pb_row _builder_version=&#8221;4.16&#8243; _module_preset=&#8221;default&#8221; global_colors_info=&#8221;{}&#8221;][et_pb_column type=&#8221;4_4&#8243; _builder_version=&#8221;4.16&#8243; _module_preset=&#8221;default&#8221; global_colors_info=&#8221;{}&#8221;][et_pb_text _builder_version=&#8221;4.24.2&#8243; _module_preset=&#8221;b53a70bb-9f62-4ee5-b34f-c7a321ddbf6c&#8221; text_text_color=&#8221;#FFFFFF&#8221; header_font=&#8221;Poppins|600|||||||&#8221; header_text_color=&#8221;#FFFFFF&#8221; header_font_size=&#8221;72px&#8221; header_line_height=&#8221;1.2em&#8221; max_width=&#8221;800px&#8221; custom_margin=&#8221;||10px||false|false&#8221; header_font_size_tablet=&#8221;40px&#8221; header_font_size_phone=&#8221;24px&#8221; header_font_size_last_edited=&#8221;on|tablet&#8221; header_line_height_tablet=&#8221;1.3em&#8221; header_line_height_phone=&#8221;1.5em&#8221; header_line_height_last_edited=&#8221;on|desktop&#8221; global_colors_info=&#8221;{}&#8221;]<\/p>\n<h1>Formation situations sanitaires exceptionnelles : SSE<\/h1>\n<p>Formation DPC idel en Occitanie, Perpignan &#8211; Toulouse &#8211; Montpellier &#8211; N\u00eemes &#8211; B\u00e9ziers &#8211; Narbonne &#8211; Montauban &#8211; Carcassonne ..[\/et_pb_text][\/et_pb_column][\/et_pb_row][et_pb_row column_structure=&#8221;2_3,1_3&#8243; _builder_version=&#8221;4.24.2&#8243; _module_preset=&#8221;default&#8221; global_colors_info=&#8221;{}&#8221;][et_pb_column type=&#8221;2_3&#8243; _builder_version=&#8221;4.24.2&#8243; _module_preset=&#8221;default&#8221; overflow-x=&#8221;visible&#8221; overflow-y=&#8221;visible&#8221; border_radii=&#8221;off||200px|200px|&#8221; border_width_all=&#8221;4px&#8221; border_color_all=&#8221;gcid-6af2433c-136a-41e8-bdf8-d7150ce65f27&#8243; global_colors_info=&#8221;{%22gcid-6af2433c-136a-41e8-bdf8-d7150ce65f27%22:%91%22border_color_all%22%93}&#8221;][et_pb_cta title=&#8221;Les situations sanitaires exceptionnelles (SSE) sont des \u00e9v\u00e9nements graves, soudains et inhabituels qui peuvent affecter la sant\u00e9 de la population. Elles peuvent \u00eatre d&#8217;origine naturelle (\u00e9pid\u00e9mie, inondation, tremblement de terre, etc.), technologique (accident nucl\u00e9aire, fuite chimique, etc.), humaine (crise sanitaire, attentat terroriste, etc.) ou d&#8217;origine mixte.&#8221; button_url=&#8221;https:\/\/formation-geste-soins-urgence-idel.fr\/index.php\/nous-contacter\/&#8221; button_text=&#8221;Demande d&#8217;informations&#8221; _builder_version=&#8221;4.24.2&#8243; _module_preset=&#8221;default&#8221; header_level=&#8221;h3&#8243; header_font=&#8221;Poppins|600|||||||&#8221; header_text_color=&#8221;#FFFFFF&#8221; header_font_size=&#8221;17px&#8221; header_line_height=&#8221;1.5em&#8221; background_color=&#8221;gcid-6af2433c-136a-41e8-bdf8-d7150ce65f27&#8243; custom_button=&#8221;on&#8221; button_text_size=&#8221;16px&#8221; button_bg_color=&#8221;#FF6734&#8243; button_border_width=&#8221;0px&#8221; button_border_radius=&#8221;100px&#8221; button_font=&#8221;Poppins|600|||||||&#8221; button_icon=&#8221;&#x24;||divi||400&#8243; button_custom_padding=&#8221;16px||16px||true|false&#8221; transform_translate=&#8221;20px|-20px&#8221; transform_translate_linked=&#8221;off&#8221; text_orientation=&#8221;left&#8221; custom_padding=&#8221;|60px|||false|false&#8221; custom_padding_tablet=&#8221;|60px|||false|false&#8221; custom_padding_phone=&#8221;20px||20px|20px|false|false&#8221; custom_padding_last_edited=&#8221;on|phone&#8221; header_font_size_tablet=&#8221;18px&#8221; header_font_size_phone=&#8221;16px&#8221; header_font_size_last_edited=&#8221;on|phone&#8221; border_radii=&#8221;off||200px|200px|&#8221; global_colors_info=&#8221;{%22gcid-6af2433c-136a-41e8-bdf8-d7150ce65f27%22:%91%22background_color%22%93}&#8221;][\/et_pb_cta][\/et_pb_column][et_pb_column type=&#8221;1_3&#8243; _builder_version=&#8221;4.16&#8243; _module_preset=&#8221;default&#8221; custom_padding=&#8221;||44px||false|false&#8221; global_colors_info=&#8221;{}&#8221;][\/et_pb_column][\/et_pb_row][\/et_pb_section][et_pb_section fb_built=&#8221;1&#8243; admin_label=&#8221;Features&#8221; _builder_version=&#8221;4.16&#8243; _module_preset=&#8221;default&#8221; background_color=&#8221;RGBA(0,0,0,0)&#8221; custom_padding=&#8221;0px||||false|false&#8221; global_colors_info=&#8221;{}&#8221;][et_pb_row column_structure=&#8221;1_4,1_4,1_4,1_4&#8243; use_custom_gutter=&#8221;on&#8221; gutter_width=&#8221;2&#8243; make_equal=&#8221;on&#8221; _builder_version=&#8221;4.24.2&#8243; _module_preset=&#8221;default&#8221; background_enable_color=&#8221;off&#8221; horizontal_offset=&#8221;0px&#8221; custom_margin=&#8221;-5vw||||false|false&#8221; custom_padding=&#8221;0px||||false|false&#8221; global_colors_info=&#8221;{}&#8221;][et_pb_column type=&#8221;1_4&#8243; _builder_version=&#8221;4.24.2&#8243; _module_preset=&#8221;default&#8221; background_enable_color=&#8221;off&#8221; background_image=&#8221;http:\/\/formation-geste-soins-urgence-idel.fr\/wp-content\/uploads\/2024\/03\/idel-1.jpg&#8221; box_shadow_style=&#8221;preset3&#8243; box_shadow_horizontal=&#8221;30px&#8221; box_shadow_vertical=&#8221;25px&#8221; box_shadow_blur=&#8221;65px&#8221; box_shadow_spread=&#8221;-12px&#8221; box_shadow_color=&#8221;rgba(0,0,0,0.2)&#8221; global_colors_info=&#8221;{}&#8221;][et_pb_divider show_divider=&#8221;off&#8221; _builder_version=&#8221;4.16&#8243; _module_preset=&#8221;default&#8221; height=&#8221;220px&#8221; custom_margin=&#8221;||||false|false&#8221; global_colors_info=&#8221;{}&#8221;][\/et_pb_divider][\/et_pb_column][et_pb_column type=&#8221;1_4&#8243; _builder_version=&#8221;4.16&#8243; _module_preset=&#8221;default&#8221; background_color=&#8221;#FFFFFF&#8221; transform_scale_tablet=&#8221;&#8221; transform_scale_phone=&#8221;&#8221; transform_scale_last_edited=&#8221;on|phone&#8221; transform_translate=&#8221;-13%|0px&#8221; transform_translate_tablet=&#8221;-13%|0px&#8221; transform_translate_phone=&#8221;0%|0px&#8221; transform_translate_last_edited=&#8221;on|phone&#8221; transform_translate_linked=&#8221;off&#8221; transform_rotate_tablet=&#8221;&#8221; transform_rotate_phone=&#8221;&#8221; transform_rotate_last_edited=&#8221;on|phone&#8221; transform_skew_tablet=&#8221;&#8221; transform_skew_phone=&#8221;&#8221; transform_skew_last_edited=&#8221;on|phone&#8221; transform_origin_tablet=&#8221;&#8221; transform_origin_phone=&#8221;&#8221; transform_origin_last_edited=&#8221;on|phone&#8221; transform_styles_last_edited=&#8221;on|phone&#8221; horizontal_offset_tablet=&#8221;0%&#8221; horizontal_offset_last_edited=&#8221;off|desktop&#8221; custom_padding=&#8221;30px|30px|30px|20px|true|false&#8221; custom_padding_tablet=&#8221;40px|20px|40px|20px|true|true&#8221; custom_padding_phone=&#8221;20px|12px|20px|12px|true|true&#8221; custom_padding_last_edited=&#8221;off|desktop&#8221; transform_styles_tablet=&#8221;&#8221; transform_styles_phone=&#8221;&#8221; box_shadow_style=&#8221;preset3&#8243; box_shadow_horizontal=&#8221;20px&#8221; box_shadow_vertical=&#8221;25px&#8221; box_shadow_blur=&#8221;65px&#8221; box_shadow_spread=&#8221;-12px&#8221; box_shadow_color=&#8221;rgba(0,0,0,0.2)&#8221; global_colors_info=&#8221;{}&#8221;][et_pb_text _builder_version=&#8221;4.24.2&#8243; _module_preset=&#8221;29bb3e4b-c4aa-4616-b935-758c4e4734e8&#8243; header_font=&#8221;||||||||&#8221; header_3_font=&#8221;Poppins|600|||||||&#8221; header_3_text_color=&#8221;#000763&#8243; header_3_font_size=&#8221;18px&#8221; header_3_line_height=&#8221;1.5em&#8221; custom_margin=&#8221;||10px||false|false&#8221; header_3_font_size_tablet=&#8221;18px&#8221; header_3_font_size_phone=&#8221;16px&#8221; header_3_font_size_last_edited=&#8221;on|tablet&#8221; header_3_line_height_tablet=&#8221;1.7em&#8221; header_3_line_height_phone=&#8221;1.8em&#8221; header_3_line_height_last_edited=&#8221;on|phone&#8221; global_colors_info=&#8221;{}&#8221;]<\/p>\n<h3>Pour qui ?<\/h3>\n<p>[\/et_pb_text][et_pb_text _builder_version=&#8221;4.24.2&#8243; _module_preset=&#8221;f0cf31b9-b2e7-4752-a57c-6e2f73347b36&#8243; text_font=&#8221;Poppins||||||||&#8221; text_text_color=&#8221;#4F5168&#8243; text_font_size=&#8221;13px&#8221; text_line_height=&#8221;1.8em&#8221; text_font_size_tablet=&#8221;15px&#8221; text_font_size_phone=&#8221;14px&#8221; text_font_size_last_edited=&#8221;off|desktop&#8221; header_font_size_tablet=&#8221;55px&#8221; header_font_size_last_edited=&#8221;off|desktop&#8221; global_colors_info=&#8221;{}&#8221;]<\/p>\n<p>\u00c0 qui s&#8217;adresse cette formation ?<\/p>\n<p>[\/et_pb_text][et_pb_button button_url=&#8221;#pourqui&#8221; button_text=&#8221;D\u00e9couvrir&#8221; _builder_version=&#8221;4.24.2&#8243; _module_preset=&#8221;0df676f3-61e9-4bdb-9d62-c77cb87fa6d0&#8243; custom_button=&#8221;on&#8221; button_text_size=&#8221;14px&#8221; button_text_color=&#8221;#FF6734&#8243; button_bg_color=&#8221;RGBA(0,0,0,0)&#8221; button_border_width=&#8221;0px&#8221; button_border_radius=&#8221;0px&#8221; button_font=&#8221;Poppins|600|||||||&#8221; button_icon=&#8221;&#x24;||divi||400&#8243; button_on_hover=&#8221;off&#8221; custom_padding=&#8221;0px|0px|0px|0px|true|true&#8221; locked=&#8221;off&#8221; global_colors_info=&#8221;{}&#8221;][\/et_pb_button][\/et_pb_column][et_pb_column type=&#8221;1_4&#8243; _builder_version=&#8221;4.24.2&#8243; _module_preset=&#8221;default&#8221; background_enable_color=&#8221;off&#8221; background_image=&#8221;http:\/\/formation-geste-soins-urgence-idel.fr\/wp-content\/uploads\/2024\/03\/idel-2.jpg&#8221; box_shadow_style=&#8221;preset3&#8243; box_shadow_horizontal=&#8221;30px&#8221; box_shadow_vertical=&#8221;25px&#8221; box_shadow_blur=&#8221;65px&#8221; box_shadow_spread=&#8221;-12px&#8221; box_shadow_color=&#8221;rgba(0,0,0,0.2)&#8221; global_colors_info=&#8221;{}&#8221;][et_pb_divider show_divider=&#8221;off&#8221; _builder_version=&#8221;4.16&#8243; _module_preset=&#8221;default&#8221; height=&#8221;220px&#8221; locked=&#8221;off&#8221; global_colors_info=&#8221;{}&#8221;][\/et_pb_divider][\/et_pb_column][et_pb_column type=&#8221;1_4&#8243; _builder_version=&#8221;4.16&#8243; _module_preset=&#8221;default&#8221; background_color=&#8221;#FFFFFF&#8221; transform_scale_tablet=&#8221;&#8221; transform_scale_phone=&#8221;&#8221; transform_scale_last_edited=&#8221;on|phone&#8221; transform_translate=&#8221;-13%|0px&#8221; transform_translate_tablet=&#8221;-13%|0px&#8221; transform_translate_phone=&#8221;0%|0px&#8221; transform_translate_last_edited=&#8221;on|phone&#8221; transform_translate_linked=&#8221;off&#8221; transform_rotate_tablet=&#8221;&#8221; transform_rotate_phone=&#8221;&#8221; transform_rotate_last_edited=&#8221;on|phone&#8221; transform_skew_tablet=&#8221;&#8221; transform_skew_phone=&#8221;&#8221; transform_skew_last_edited=&#8221;on|phone&#8221; transform_origin_tablet=&#8221;&#8221; transform_origin_phone=&#8221;&#8221; transform_origin_last_edited=&#8221;on|phone&#8221; transform_styles_last_edited=&#8221;on|phone&#8221; horizontal_offset_tablet=&#8221;0%&#8221; horizontal_offset_last_edited=&#8221;off|desktop&#8221; custom_padding=&#8221;30px|20px|30px|20px|true|true&#8221; custom_padding_tablet=&#8221;40px|20px|40px|20px|true|true&#8221; custom_padding_phone=&#8221;20px|12px|20px|12px|true|true&#8221; custom_padding_last_edited=&#8221;off|desktop&#8221; transform_styles_tablet=&#8221;&#8221; transform_styles_phone=&#8221;&#8221; box_shadow_style=&#8221;preset3&#8243; box_shadow_horizontal=&#8221;20px&#8221; box_shadow_vertical=&#8221;25px&#8221; box_shadow_blur=&#8221;65px&#8221; box_shadow_spread=&#8221;-12px&#8221; box_shadow_color=&#8221;rgba(0,0,0,0.2)&#8221; global_colors_info=&#8221;{}&#8221;][et_pb_text _builder_version=&#8221;4.24.2&#8243; _module_preset=&#8221;29bb3e4b-c4aa-4616-b935-758c4e4734e8&#8243; header_font=&#8221;||||||||&#8221; header_3_font=&#8221;Poppins|600|||||||&#8221; header_3_text_color=&#8221;#000763&#8243; header_3_font_size=&#8221;18px&#8221; header_3_line_height=&#8221;1.5em&#8221; custom_margin=&#8221;||10px||false|false&#8221; header_3_font_size_tablet=&#8221;18px&#8221; header_3_font_size_phone=&#8221;16px&#8221; header_3_font_size_last_edited=&#8221;on|tablet&#8221; header_3_line_height_tablet=&#8221;1.7em&#8221; header_3_line_height_phone=&#8221;1.8em&#8221; header_3_line_height_last_edited=&#8221;on|phone&#8221; global_colors_info=&#8221;{}&#8221;]<\/p>\n<h3>Financement<\/h3>\n<p>[\/et_pb_text][et_pb_text _builder_version=&#8221;4.24.2&#8243; _module_preset=&#8221;f0cf31b9-b2e7-4752-a57c-6e2f73347b36&#8243; text_font=&#8221;Poppins||||||||&#8221; text_text_color=&#8221;#4F5168&#8243; text_font_size=&#8221;13px&#8221; text_line_height=&#8221;1.8em&#8221; text_font_size_tablet=&#8221;15px&#8221; text_font_size_phone=&#8221;14px&#8221; text_font_size_last_edited=&#8221;off|desktop&#8221; header_font_size_tablet=&#8221;55px&#8221; header_font_size_last_edited=&#8221;off|desktop&#8221; global_colors_info=&#8221;{}&#8221;]Financement jusqu&#8217;\u00e0 100%.[\/et_pb_text][et_pb_button button_url=&#8221;#financement&#8221; button_text=&#8221;D\u00e9couvrir&#8221; _builder_version=&#8221;4.24.2&#8243; _module_preset=&#8221;0df676f3-61e9-4bdb-9d62-c77cb87fa6d0&#8243; custom_button=&#8221;on&#8221; button_text_size=&#8221;14px&#8221; button_text_color=&#8221;#FF6734&#8243; button_bg_color=&#8221;RGBA(0,0,0,0)&#8221; button_border_width=&#8221;0px&#8221; button_border_radius=&#8221;0px&#8221; button_font=&#8221;Poppins|600|||||||&#8221; button_icon=&#8221;&#x24;||divi||400&#8243; button_on_hover=&#8221;off&#8221; custom_padding=&#8221;0px|0px|0px|0px|true|true&#8221; locked=&#8221;off&#8221; global_colors_info=&#8221;{}&#8221;][\/et_pb_button][\/et_pb_column][\/et_pb_row][\/et_pb_section][et_pb_section fb_built=&#8221;1&#8243; admin_label=&#8221;Services&#8221; _builder_version=&#8221;4.16&#8243; _module_preset=&#8221;default&#8221; global_colors_info=&#8221;{}&#8221;][et_pb_row _builder_version=&#8221;4.16&#8243; _module_preset=&#8221;default&#8221; global_colors_info=&#8221;{}&#8221;][et_pb_column type=&#8221;4_4&#8243; _builder_version=&#8221;4.16&#8243; _module_preset=&#8221;default&#8221; global_colors_info=&#8221;{}&#8221;][et_pb_text admin_label=&#8221;Text&#8221; _builder_version=&#8221;4.24.2&#8243; _module_preset=&#8221;b6cb9bd8-0fbd-4699-b58d-51b3d480db23&#8243; text_text_color=&#8221;gcid-dd2c03a0-0ce9-48a5-adff-dccdc945179a&#8221; header_2_font=&#8221;Poppins|600|||||||&#8221; header_2_text_color=&#8221;#000763&#8243; header_2_font_size=&#8221;40px&#8221; header_2_line_height=&#8221;1.3em&#8221; text_orientation=&#8221;center&#8221; max_width=&#8221;900px&#8221; module_alignment=&#8221;center&#8221; custom_margin=&#8221;||10px||false|false&#8221; header_2_font_size_tablet=&#8221;32px&#8221; header_2_font_size_phone=&#8221;20px&#8221; header_2_font_size_last_edited=&#8221;on|tablet&#8221; header_2_line_height_tablet=&#8221;1.4em&#8221; header_2_line_height_phone=&#8221;1.6em&#8221; header_2_line_height_last_edited=&#8221;on|tablet&#8221; global_colors_info=&#8221;{%22gcid-dd2c03a0-0ce9-48a5-adff-dccdc945179a%22:%91%22text_text_color%22%93}&#8221;]<\/p>\n<h2>Formation situations sanitaires exceptionnelles<\/h2>\n<p>Formation DPC idel en Occitanie, Perpignan &#8211; Toulouse &#8211; Montpellier &#8211; N\u00eemes &#8211; B\u00e9ziers &#8211; Narbonne &#8211; Montauban &#8211; Carcassonne ..<\/p>\n<p>[\/et_pb_text][et_pb_text admin_label=&#8221;Text&#8221; _builder_version=&#8221;4.24.2&#8243; _module_preset=&#8221;31e3fe0d-2e7d-4384-8004-edb523cff22c&#8221; text_font=&#8221;Poppins||||||||&#8221; text_text_color=&#8221;#ff6734&#8243; text_font_size=&#8221;20px&#8221; text_line_height=&#8221;1.8em&#8221; text_orientation=&#8221;center&#8221; max_width=&#8221;700px&#8221; module_alignment=&#8221;center&#8221; text_font_size_tablet=&#8221;16px&#8221; text_font_size_phone=&#8221;14px&#8221; text_font_size_last_edited=&#8221;on|desktop&#8221; global_colors_info=&#8221;{}&#8221;]<\/p>\n<p>On peut classer les SSE selon plusieurs crit\u00e8res<\/p>\n<p>[\/et_pb_text][\/et_pb_column][\/et_pb_row][et_pb_row column_structure=&#8221;1_3,1_3,1_3&#8243; use_custom_gutter=&#8221;on&#8221; gutter_width=&#8221;2&#8243; make_equal=&#8221;on&#8221; _builder_version=&#8221;4.24.2&#8243; _module_preset=&#8221;default&#8221; global_colors_info=&#8221;{}&#8221;][et_pb_column type=&#8221;1_3&#8243; _builder_version=&#8221;4.16&#8243; _module_preset=&#8221;default&#8221; overflow-x=&#8221;visible&#8221; overflow-y=&#8221;visible&#8221; custom_padding=&#8221;30px|30px|30px|30px|true|true&#8221; border_radii=&#8221;off|200px|200px||&#8221; border_width_all=&#8221;4px&#8221; border_color_all=&#8221;#FF6734&#8243; global_colors_info=&#8221;{}&#8221;][et_pb_image src=&#8221;http:\/\/formation-geste-soins-urgence-idel.fr\/wp-content\/uploads\/2024\/03\/formation-geste-soins-urgence-idel-montpellier.jpg&#8221; alt=&#8221;formation-geste-soins-urgence-idel-montpellier&#8221; title_text=&#8221;formation-geste-soins-urgence-idel-montpellier&#8221; _builder_version=&#8221;4.24.2&#8243; _module_preset=&#8221;default&#8221; transform_translate=&#8221;20px|-20px&#8221; transform_translate_linked=&#8221;off&#8221; custom_margin=&#8221;-30px|-30px||-30px|false|true&#8221; mix_blend_mode=&#8221;difference&#8221; border_radii=&#8221;off|200px|200px||&#8221; global_colors_info=&#8221;{}&#8221;][\/et_pb_image][et_pb_text _builder_version=&#8221;4.24.2&#8243; _module_preset=&#8221;29bb3e4b-c4aa-4616-b935-758c4e4734e8&#8243; header_font=&#8221;||||||||&#8221; header_3_font=&#8221;Poppins|600|||||||&#8221; header_3_text_color=&#8221;#ff6734&#8243; header_3_font_size=&#8221;20px&#8221; header_3_line_height=&#8221;1.5em&#8221; custom_margin=&#8221;30px||0px||false|false&#8221; header_3_font_size_tablet=&#8221;18px&#8221; header_3_font_size_phone=&#8221;16px&#8221; header_3_font_size_last_edited=&#8221;on|tablet&#8221; header_3_line_height_tablet=&#8221;1.7em&#8221; header_3_line_height_phone=&#8221;1.8em&#8221; header_3_line_height_last_edited=&#8221;on|phone&#8221; global_colors_info=&#8221;{}&#8221;]<\/p>\n<h3>L&#8217;origine du risque<\/h3>\n<p>[\/et_pb_text][et_pb_text _builder_version=&#8221;4.24.2&#8243; _module_preset=&#8221;f0cf31b9-b2e7-4752-a57c-6e2f73347b36&#8243; text_font=&#8221;Poppins||||||||&#8221; text_text_color=&#8221;#4F5168&#8243; text_font_size=&#8221;16px&#8221; text_line_height=&#8221;1.8em&#8221; text_font_size_tablet=&#8221;15px&#8221; text_font_size_phone=&#8221;14px&#8221; text_font_size_last_edited=&#8221;on|phone&#8221; header_font_size_tablet=&#8221;55px&#8221; header_font_size_last_edited=&#8221;off|desktop&#8221; global_colors_info=&#8221;{}&#8221;]<\/p>\n<ul>\n<li>Naturelle (\u00e9pid\u00e9mie, inondation, tremblement de terre, etc.)<\/li>\n<li>Technologique (accident nucl\u00e9aire, fuite chimique, etc.)<\/li>\n<li>Humaine (crise sanitaire, attentat terroriste, etc.)<\/li>\n<li>Mixte (accident industriel avec cons\u00e9quences environnementales, etc.)<\/li>\n<\/ul>\n<p>[\/et_pb_text][\/et_pb_column][et_pb_column type=&#8221;1_3&#8243; _builder_version=&#8221;4.16&#8243; _module_preset=&#8221;default&#8221; overflow-x=&#8221;visible&#8221; overflow-y=&#8221;visible&#8221; custom_padding=&#8221;30px|30px|30px|30px|true|true&#8221; border_radii=&#8221;off|200px|200px||&#8221; border_width_all=&#8221;4px&#8221; border_color_all=&#8221;#e53796&#8243; global_colors_info=&#8221;{}&#8221;][et_pb_image src=&#8221;http:\/\/formation-geste-soins-urgence-idel.fr\/wp-content\/uploads\/2024\/03\/formation-geste-soins-urgence-idel-narbonne.jpg&#8221; alt=&#8221;formation-geste-soins-urgence-idel-narbonne&#8221; title_text=&#8221;formation-geste-soins-urgence-idel-narbonne&#8221; _builder_version=&#8221;4.24.2&#8243; _module_preset=&#8221;default&#8221; transform_translate=&#8221;20px|-20px&#8221; transform_translate_linked=&#8221;off&#8221; custom_margin=&#8221;-30px|-30px||-30px|false|true&#8221; mix_blend_mode=&#8221;difference&#8221; border_radii=&#8221;off|200px|200px||&#8221; global_colors_info=&#8221;{}&#8221;][\/et_pb_image][et_pb_text _builder_version=&#8221;4.24.2&#8243; _module_preset=&#8221;29bb3e4b-c4aa-4616-b935-758c4e4734e8&#8243; header_font=&#8221;||||||||&#8221; header_3_font=&#8221;Poppins|600|||||||&#8221; header_3_text_color=&#8221;#ff6734&#8243; header_3_font_size=&#8221;20px&#8221; header_3_line_height=&#8221;1.5em&#8221; custom_margin=&#8221;30px||0px||false|false&#8221; header_3_font_size_tablet=&#8221;18px&#8221; header_3_font_size_phone=&#8221;16px&#8221; header_3_font_size_last_edited=&#8221;on|tablet&#8221; header_3_line_height_tablet=&#8221;1.7em&#8221; header_3_line_height_phone=&#8221;1.8em&#8221; header_3_line_height_last_edited=&#8221;on|phone&#8221; global_colors_info=&#8221;{}&#8221;]<\/p>\n<h3>L&#8217;ampleur de l&#8217;\u00e9v\u00e9nement<\/h3>\n<p>[\/et_pb_text][et_pb_text _builder_version=&#8221;4.24.2&#8243; _module_preset=&#8221;f0cf31b9-b2e7-4752-a57c-6e2f73347b36&#8243; text_font=&#8221;Poppins||||||||&#8221; text_text_color=&#8221;#4F5168&#8243; text_font_size=&#8221;16px&#8221; text_line_height=&#8221;1.8em&#8221; custom_margin=&#8221;||20px||false|false&#8221; text_font_size_tablet=&#8221;15px&#8221; text_font_size_phone=&#8221;14px&#8221; text_font_size_last_edited=&#8221;on|phone&#8221; header_font_size_tablet=&#8221;55px&#8221; header_font_size_last_edited=&#8221;off|desktop&#8221; global_colors_info=&#8221;{}&#8221;]<\/p>\n<ul>\n<li>Localis\u00e9e (quartier, ville, etc.)<\/li>\n<li>R\u00e9gionale (d\u00e9partement, r\u00e9gion, etc.)<\/li>\n<li>Nationale<\/li>\n<li>Internationale<\/li>\n<\/ul>\n<p>[\/et_pb_text][\/et_pb_column][et_pb_column type=&#8221;1_3&#8243; _builder_version=&#8221;4.16&#8243; _module_preset=&#8221;default&#8221; overflow-x=&#8221;visible&#8221; overflow-y=&#8221;visible&#8221; custom_padding=&#8221;30px|30px|30px|30px|true|true&#8221; border_radii=&#8221;off|200px|200px||&#8221; border_width_all=&#8221;4px&#8221; border_color_all=&#8221;#515ecf&#8221; global_colors_info=&#8221;{}&#8221;][et_pb_image src=&#8221;http:\/\/formation-geste-soins-urgence-idel.fr\/wp-content\/uploads\/2024\/03\/formation-geste-soins-urgence-idel-toulouse.jpg&#8221; alt=&#8221;formation-geste-soins-urgence-idel-toulouse&#8221; title_text=&#8221;formation-geste-soins-urgence-idel-toulouse&#8221; _builder_version=&#8221;4.24.2&#8243; _module_preset=&#8221;default&#8221; transform_translate=&#8221;20px|-20px&#8221; transform_translate_linked=&#8221;off&#8221; custom_margin=&#8221;-30px|-30px||-30px|false|true&#8221; mix_blend_mode=&#8221;difference&#8221; border_radii=&#8221;off|200px|200px||&#8221; global_colors_info=&#8221;{}&#8221;][\/et_pb_image][et_pb_text _builder_version=&#8221;4.24.2&#8243; _module_preset=&#8221;29bb3e4b-c4aa-4616-b935-758c4e4734e8&#8243; header_font=&#8221;||||||||&#8221; header_3_font=&#8221;Poppins|600|||||||&#8221; header_3_text_color=&#8221;#ff6734&#8243; header_3_font_size=&#8221;20px&#8221; header_3_line_height=&#8221;1.5em&#8221; custom_margin=&#8221;30px||0px||false|false&#8221; header_3_font_size_tablet=&#8221;18px&#8221; header_3_font_size_phone=&#8221;16px&#8221; header_3_font_size_last_edited=&#8221;on|tablet&#8221; header_3_line_height_tablet=&#8221;1.7em&#8221; header_3_line_height_phone=&#8221;1.8em&#8221; header_3_line_height_last_edited=&#8221;on|phone&#8221; global_colors_info=&#8221;{}&#8221;]<\/p>\n<h3>La gravit\u00e9 de l&#8217;impact<\/h3>\n<p>[\/et_pb_text][et_pb_text _builder_version=&#8221;4.24.2&#8243; _module_preset=&#8221;f0cf31b9-b2e7-4752-a57c-6e2f73347b36&#8243; text_font=&#8221;Poppins||||||||&#8221; text_text_color=&#8221;#4F5168&#8243; text_font_size=&#8221;16px&#8221; text_line_height=&#8221;1.8em&#8221; custom_margin=&#8221;||20px||false|false&#8221; text_font_size_tablet=&#8221;15px&#8221; text_font_size_phone=&#8221;14px&#8221; text_font_size_last_edited=&#8221;on|phone&#8221; header_font_size_tablet=&#8221;55px&#8221; header_font_size_last_edited=&#8221;off|desktop&#8221; global_colors_info=&#8221;{}&#8221;]<\/p>\n<ul>\n<li>Sanitaire (nombre de victimes, gravit\u00e9 des blessures, etc.)<\/li>\n<li>\u00c9conomique (co\u00fbt des d\u00e9g\u00e2ts, perte d&#8217;activit\u00e9, etc.)<\/li>\n<li>Social (impact psychologique, troubles \u00e0 l&#8217;ordre public, etc.)<\/li>\n<li>Environnemental (d\u00e9gradation de l&#8217;environnement, contamination des sols, etc.)<\/li>\n<\/ul>\n<p>[\/et_pb_text][\/et_pb_column][\/et_pb_row][\/et_pb_section][et_pb_section fb_built=&#8221;1&#8243; prev_background_color=&#8221;#ffffff&#8221; admin_label=&#8221;Feature&#8221; _builder_version=&#8221;4.24.2&#8243; _module_preset=&#8221;default&#8221; background_image=&#8221;http:\/\/formation-geste-soins-urgence-idel.fr\/wp-content\/uploads\/2024\/03\/home-care-42-scaled-1.jpg&#8221; top_divider_style=&#8221;wave&#8221; bottom_divider_style=&#8221;ramp&#8221; bottom_divider_color=&#8221;gcid-6af2433c-136a-41e8-bdf8-d7150ce65f27&#8243; bottom_divider_height=&#8221;57px&#8221; global_colors_info=&#8221;{%22gcid-6af2433c-136a-41e8-bdf8-d7150ce65f27%22:%91%22bottom_divider_color%22%93}&#8221;][et_pb_row column_structure=&#8221;1_2,1_2&#8243; _builder_version=&#8221;4.16&#8243; _module_preset=&#8221;default&#8221; global_colors_info=&#8221;{}&#8221;][et_pb_column type=&#8221;1_2&#8243; _builder_version=&#8221;4.16&#8243; _module_preset=&#8221;default&#8221; custom_padding=&#8221;100px||||false|false&#8221; custom_padding_tablet=&#8221;0px||||false|false&#8221; custom_padding_phone=&#8221;0px||||false|false&#8221; custom_padding_last_edited=&#8221;on|desktop&#8221; global_colors_info=&#8221;{}&#8221;][et_pb_text _builder_version=&#8221;4.24.2&#8243; _module_preset=&#8221;b6cb9bd8-0fbd-4699-b58d-51b3d480db23&#8243; text_font=&#8221;Poppins||||||||&#8221; text_text_color=&#8221;gcid-dd2c03a0-0ce9-48a5-adff-dccdc945179a&#8221; header_2_font=&#8221;Poppins|600|||||||&#8221; header_2_text_color=&#8221;#ff6734&#8243; header_2_font_size=&#8221;40px&#8221; header_2_line_height=&#8221;1.3em&#8221; custom_margin=&#8221;||10px||false|false&#8221; header_2_font_size_tablet=&#8221;32px&#8221; header_2_font_size_phone=&#8221;20px&#8221; header_2_font_size_last_edited=&#8221;on|tablet&#8221; header_2_line_height_tablet=&#8221;1.4em&#8221; header_2_line_height_phone=&#8221;1.6em&#8221; header_2_line_height_last_edited=&#8221;on|tablet&#8221; locked=&#8221;off&#8221; global_colors_info=&#8221;{%22gcid-dd2c03a0-0ce9-48a5-adff-dccdc945179a%22:%91%22text_text_color%22%93}&#8221;]<\/p>\n<h2>Les professionnels de sant\u00e9 en premi\u00e8re ligne face aux SSE<\/h2>\n<p>Formation DPC idel en Occitanie. Perpignan &#8211; Toulouse &#8211; Montpellier &#8211; N\u00eemes &#8211; B\u00e9ziers &#8211; Narbonne &#8211; Carcassonne..<\/p>\n<p>[\/et_pb_text][et_pb_text _builder_version=&#8221;4.24.2&#8243; _module_preset=&#8221;f0cf31b9-b2e7-4752-a57c-6e2f73347b36&#8243; text_font=&#8221;Poppins||||||||&#8221; text_text_color=&#8221;#4F5168&#8243; text_font_size=&#8221;16px&#8221; text_line_height=&#8221;1.8em&#8221; max_width=&#8221;380px&#8221; text_font_size_tablet=&#8221;15px&#8221; text_font_size_phone=&#8221;14px&#8221; text_font_size_last_edited=&#8221;on|phone&#8221; header_font_size_tablet=&#8221;55px&#8221; header_font_size_last_edited=&#8221;off|desktop&#8221; locked=&#8221;off&#8221; global_colors_info=&#8221;{}&#8221;]<\/p>\n<p>G\u00e9rer les risques : identification, \u00e9valuation, planification, pr\u00e9vention et protection.<br \/>Communiquer en situation de crise : patients, familles, m\u00e9dias, etc.<br \/>Coordonner l&#8217;action des diff\u00e9rents acteurs<br \/>G\u00e9rer les aspects m\u00e9dico-l\u00e9gaux.<br \/>Assurer les gestes et soins d\u2019urgences si n\u00e9cessaire.<br \/>Savoir composer sa trousse d\u2019urgences.<\/p>\n<p>[\/et_pb_text][\/et_pb_column][et_pb_column type=&#8221;1_2&#8243; _builder_version=&#8221;4.16&#8243; _module_preset=&#8221;default&#8221; global_colors_info=&#8221;{}&#8221;][et_pb_image src=&#8221;http:\/\/formation-geste-soins-urgence-idel.fr\/wp-content\/uploads\/2024\/03\/home-care-33.jpg&#8221; title_text=&#8221;home-care-33&#8243; _builder_version=&#8221;4.16&#8243; _module_preset=&#8221;default&#8221; custom_margin=&#8221;||50px||false|false&#8221; border_radii=&#8221;on|100%|100%|100%|100%&#8221; locked=&#8221;off&#8221; global_colors_info=&#8221;{}&#8221;][\/et_pb_image][et_pb_icon font_icon=&#8221;&#xf004;||fa||900&#8243; icon_color=&#8221;#FFFFFF&#8221; icon_width=&#8221;56px&#8221; _builder_version=&#8221;4.16&#8243; _module_preset=&#8221;default&#8221; background_color=&#8221;#FF6734&#8243; positioning=&#8221;absolute&#8221; position_origin_a=&#8221;bottom_left&#8221; position_origin_a_tablet=&#8221;bottom_left&#8221; position_origin_a_phone=&#8221;bottom_left&#8221; position_origin_a_last_edited=&#8221;on|phone&#8221; position_origin_f_tablet=&#8221;&#8221; position_origin_f_phone=&#8221;&#8221; position_origin_f_last_edited=&#8221;on|phone&#8221; position_origin_r_tablet=&#8221;&#8221; position_origin_r_phone=&#8221;&#8221; position_origin_r_last_edited=&#8221;on|phone&#8221; custom_padding=&#8221;40px|40px|40px|40px|true|true&#8221; positioning_tablet=&#8221;absolute&#8221; positioning_phone=&#8221;none&#8221; positioning_last_edited=&#8221;on|phone&#8221; border_radii=&#8221;on|100%|100%|100%|100%&#8221; global_colors_info=&#8221;{}&#8221;][\/et_pb_icon][et_pb_text _builder_version=&#8221;4.24.2&#8243; _module_preset=&#8221;29bb3e4b-c4aa-4616-b935-758c4e4734e8&#8243; header_font=&#8221;||||||||&#8221; header_3_font=&#8221;Poppins|600|||||||&#8221; header_3_text_color=&#8221;#ff6734&#8243; header_3_font_size=&#8221;20px&#8221; header_3_line_height=&#8221;1.5em&#8221; background_color=&#8221;#FFFFFF&#8221; positioning=&#8221;absolute&#8221; position_origin_a=&#8221;bottom_right&#8221; position_origin_a_tablet=&#8221;bottom_right&#8221; position_origin_a_phone=&#8221;bottom_right&#8221; position_origin_a_last_edited=&#8221;on|phone&#8221; position_origin_f_tablet=&#8221;&#8221; position_origin_f_phone=&#8221;&#8221; position_origin_f_last_edited=&#8221;on|phone&#8221; position_origin_r_tablet=&#8221;&#8221; position_origin_r_phone=&#8221;&#8221; position_origin_r_last_edited=&#8221;on|phone&#8221; max_width=&#8221;300px&#8221; custom_margin=&#8221;||10px||false|false&#8221; custom_padding=&#8221;30px|30px|30px|30px|true|true&#8221; header_3_font_size_tablet=&#8221;18px&#8221; header_3_font_size_phone=&#8221;16px&#8221; header_3_font_size_last_edited=&#8221;on|tablet&#8221; header_3_line_height_tablet=&#8221;1.7em&#8221; header_3_line_height_phone=&#8221;1.8em&#8221; header_3_line_height_last_edited=&#8221;on|phone&#8221; positioning_tablet=&#8221;absolute&#8221; positioning_phone=&#8221;relative&#8221; positioning_last_edited=&#8221;on|phone&#8221; box_shadow_style=&#8221;preset3&#8243; box_shadow_vertical=&#8221;24px&#8221; box_shadow_blur=&#8221;80px&#8221; box_shadow_spread=&#8221;-20px&#8221; locked=&#8221;off&#8221; global_colors_info=&#8221;{}&#8221;]<\/p>\n<h3>&#8220;La formation SSE permet aux professionnels de sant\u00e9 d&#8217;acqu\u00e9rir ces comp\u00e9tences.&#8221;<\/h3>\n<p>[\/et_pb_text][\/et_pb_column][\/et_pb_row][et_pb_row module_id=&#8221;pourqui&#8221; _builder_version=&#8221;4.24.2&#8243; _module_preset=&#8221;default&#8221; global_colors_info=&#8221;{}&#8221;][et_pb_column type=&#8221;4_4&#8243; _builder_version=&#8221;4.24.2&#8243; _module_preset=&#8221;default&#8221; global_colors_info=&#8221;{}&#8221;][et_pb_text _builder_version=&#8221;4.24.2&#8243; _module_preset=&#8221;default&#8221; text_font=&#8221;Poppins||||||||&#8221; text_font_size=&#8221;16px&#8221; text_line_height=&#8221;1.8em&#8221; global_colors_info=&#8221;{}&#8221;]<\/p>\n<p><strong><\/strong><\/p>\n<p><strong>Cette formation est \u00e0 destination des professionnels de sant\u00e9 :<\/strong><strong><\/strong><\/p>\n<ul>\n<li>M\u00e9decins<\/li>\n<li>Infirmiers (IDE) et Infirmiers en pratique avanc\u00e9e (IPA)<\/li>\n<li>Pharmaciens<\/li>\n<li>Sage-femme<\/li>\n<li>Autres professionnels de sant\u00e9 : P\u00e9dicure Podologues, Kin\u00e9sith\u00e9rapeutes, \u2026<\/li>\n<\/ul>\n<ul><\/ul>\n<p><strong>La formation SSE pr\u00e9sente de nombreux avantages pour les professionnels de sant\u00e9 :<\/strong><\/p>\n<ul>\n<li>Am\u00e9lioration des connaissances et des comp\u00e9tences.<\/li>\n<li>Meilleure gestion des situations de crise.<\/li>\n<li>Renforcement de la coordination avec les autres acteurs.<\/li>\n<li>Prise en compte des aspects juridiques et \u00e9thiques.<\/li>\n<li>R\u00e9duction du stress et de l&#8217;anxi\u00e9t\u00e9.<\/li>\n<li>Accroissement de la confiance en soi.<\/li>\n<\/ul>\n<p><strong>MEDEO Formation propose des formations SSE de qualit\u00e9 :<\/strong><strong><\/strong><\/p>\n<p><strong><\/strong><\/p>\n<ul>\n<li>Formateurs exp\u00e9riment\u00e9s : professionnels de sant\u00e9 experts dans leur domaine.<\/li>\n<li>Groupes restreints : pour une meilleure interaction et un suivi p\u00e9dagogique individualis\u00e9.<\/li>\n<li>P\u00e9dagogie interactive : favorisant l&#8217;apprentissage et l&#8217;\u00e9change.<\/li>\n<li>Mises en situation pratique r\u00e9alistes (pratique sur mannequin).<\/li>\n<li>Lieux de formation idylliques : pour un apprentissage dans un cadre agr\u00e9able et propice \u00e0 la concentration.<\/li>\n<li>Suivi p\u00e9dagogique individualis\u00e9.<\/li>\n<\/ul>\n<p>[\/et_pb_text][\/et_pb_column][\/et_pb_row][\/et_pb_section][et_pb_section fb_built=&#8221;1&#8243; next_background_color=&#8221;#fffaf5&#8243; admin_label=&#8221;Call to Action&#8221; _builder_version=&#8221;4.24.2&#8243; _module_preset=&#8221;default&#8221; background_color=&#8221;gcid-6af2433c-136a-41e8-bdf8-d7150ce65f27&#8243; background_image=&#8221;http:\/\/formation-geste-soins-urgence-idel.fr\/wp-content\/uploads\/2024\/03\/Design-sans-titre-3.png&#8221; bottom_divider_style=&#8221;ramp2&#8243; global_colors_info=&#8221;{%22gcid-6af2433c-136a-41e8-bdf8-d7150ce65f27%22:%91%22background_color%22%93}&#8221;][et_pb_row _builder_version=&#8221;4.16&#8243; _module_preset=&#8221;default&#8221; global_colors_info=&#8221;{}&#8221;][et_pb_column type=&#8221;4_4&#8243; _builder_version=&#8221;4.16&#8243; _module_preset=&#8221;default&#8221; global_colors_info=&#8221;{}&#8221;][et_pb_text _builder_version=&#8221;4.24.2&#8243; _module_preset=&#8221;b6cb9bd8-0fbd-4699-b58d-51b3d480db23&#8243; header_2_font=&#8221;Poppins|600|||||||&#8221; header_2_text_color=&#8221;#FFFFFF&#8221; header_2_font_size=&#8221;40px&#8221; header_2_line_height=&#8221;1.3em&#8221; text_orientation=&#8221;center&#8221; custom_margin=&#8221;||10px||false|false&#8221; header_2_font_size_tablet=&#8221;32px&#8221; header_2_font_size_phone=&#8221;20px&#8221; header_2_font_size_last_edited=&#8221;on|tablet&#8221; header_2_line_height_tablet=&#8221;1.4em&#8221; header_2_line_height_phone=&#8221;1.6em&#8221; header_2_line_height_last_edited=&#8221;on|tablet&#8221; global_colors_info=&#8221;{}&#8221;]<\/p>\n<h2>Les SSE peuvent avoir des cons\u00e9quences graves sur la sant\u00e9 de la population, l&#8217;\u00e9conomie, la soci\u00e9t\u00e9 et l&#8217;environnement.<\/h2>\n<p>[\/et_pb_text][\/et_pb_column][\/et_pb_row][et_pb_row column_structure=&#8221;1_2,1_2&#8243; _builder_version=&#8221;4.24.2&#8243; _module_preset=&#8221;default&#8221; global_colors_info=&#8221;{}&#8221;][et_pb_column type=&#8221;1_2&#8243; _builder_version=&#8221;4.24.2&#8243; _module_preset=&#8221;default&#8221; global_colors_info=&#8221;{}&#8221;][et_pb_cta title=&#8221;Elles peuvent entra\u00eener&#8221; _builder_version=&#8221;4.24.2&#8243; _module_preset=&#8221;default&#8221; header_font=&#8221;Poppins|600||on|||||&#8221; header_text_color=&#8221;gcid-dd2c03a0-0ce9-48a5-adff-dccdc945179a&#8221; header_font_size=&#8221;20px&#8221; body_font=&#8221;Poppins||||||||&#8221; body_text_color=&#8221;gcid-dd2c03a0-0ce9-48a5-adff-dccdc945179a&#8221; body_font_size=&#8221;16px&#8221; background_color=&#8221;#FFFFFF&#8221; custom_padding=&#8221;13px||13px||true|false&#8221; border_radii=&#8221;on|40px|40px|40px|40px&#8221; border_color_all=&#8221;#FFFFFF&#8221; box_shadow_style=&#8221;preset1&#8243; global_colors_info=&#8221;{%22gcid-dd2c03a0-0ce9-48a5-adff-dccdc945179a%22:%91%22header_text_color%22,%22body_text_color%22%93}&#8221;]<\/p>\n<p><strong>Des pertes humaines :<\/strong> d\u00e9c\u00e8s, blessures, traumatismes psychologiques, maladies chroniques<br \/><strong>Des dommages mat\u00e9riels :<\/strong> destruction d&#8217;infrastructures, de b\u00e2timents, de r\u00e9coltes, etc.<br \/><strong>Des perturbations \u00e9conomiques :<\/strong> interruption de l&#8217;activit\u00e9 \u00e9conomique, perte de production, baisse du tourisme, etc.<br \/><strong>Des troubles sociaux :<\/strong> mouvements de panique, pillages, violences, troubles \u00e0 l&#8217;ordre public<br \/><strong>Des d\u00e9gradations environnementales :<\/strong> pollution de l&#8217;air, de l&#8217;eau et des sols, perte de biodiversit\u00e9, etc.<\/p>\n<p>[\/et_pb_cta][\/et_pb_column][et_pb_column type=&#8221;1_2&#8243; _builder_version=&#8221;4.24.2&#8243; _module_preset=&#8221;default&#8221; global_colors_info=&#8221;{}&#8221;][et_pb_cta title=&#8221;Les SSE peuvent exposer la population \u00e0 divers risques sanitaires&#8221; _builder_version=&#8221;4.24.2&#8243; _module_preset=&#8221;default&#8221; header_font=&#8221;Poppins|600||on|||||&#8221; header_text_color=&#8221;gcid-dd2c03a0-0ce9-48a5-adff-dccdc945179a&#8221; header_font_size=&#8221;20px&#8221; body_font=&#8221;Poppins||||||||&#8221; body_text_color=&#8221;gcid-dd2c03a0-0ce9-48a5-adff-dccdc945179a&#8221; body_font_size=&#8221;16px&#8221; background_color=&#8221;#FFFFFF&#8221; custom_padding=&#8221;13px||13px||true|false&#8221; border_radii=&#8221;on|40px|40px|40px|40px&#8221; border_color_all=&#8221;#FFFFFF&#8221; box_shadow_style=&#8221;preset1&#8243; global_colors_info=&#8221;{%22gcid-dd2c03a0-0ce9-48a5-adff-dccdc945179a%22:%91%22header_text_color%22,%22body_text_color%22%93}&#8221;]<\/p>\n<p><strong>Risque de contamination :<\/strong> propagation d&#8217;agents infectieux, d&#8217;agents chimiques, de substances radioactives, etc.<br \/><strong>Risque de blessures :<\/strong> traumatismes, br\u00fblures, intoxications, etc.<br \/><strong>Risque de troubles psychologiques :<\/strong> stress, anxi\u00e9t\u00e9, d\u00e9pression, troubles du sommeil, etc.<br \/><strong>Risque de maladies chroniques :<\/strong> aggravation de maladies existantes, d\u00e9veloppement de nouvelles pathologies<\/p>\n<p>[\/et_pb_cta][\/et_pb_column][\/et_pb_row][\/et_pb_section][et_pb_section fb_built=&#8221;1&#8243; admin_label=&#8221;Stats&#8221; _builder_version=&#8221;4.24.2&#8243; _module_preset=&#8221;default&#8221; background_color=&#8221;#fffaf5&#8243; background_image=&#8221;http:\/\/formation-geste-soins-urgence-idel.fr\/wp-content\/uploads\/2024\/03\/home-care-42-scaled-1.jpg&#8221; bottom_divider_style=&#8221;wave&#8221; bottom_divider_color=&#8221;gcid-6af2433c-136a-41e8-bdf8-d7150ce65f27&#8243; bottom_divider_height=&#8221;28px&#8221; global_colors_info=&#8221;{%22gcid-6af2433c-136a-41e8-bdf8-d7150ce65f27%22:%91%22bottom_divider_color%22%93}&#8221;][et_pb_row _builder_version=&#8221;4.16&#8243; _module_preset=&#8221;default&#8221; global_colors_info=&#8221;{}&#8221;][et_pb_column type=&#8221;4_4&#8243; _builder_version=&#8221;4.16&#8243; _module_preset=&#8221;default&#8221; global_colors_info=&#8221;{}&#8221;][et_pb_text _builder_version=&#8221;4.24.2&#8243; _module_preset=&#8221;b6cb9bd8-0fbd-4699-b58d-51b3d480db23&#8243; header_2_font=&#8221;Poppins|600|||||||&#8221; header_2_text_color=&#8221;#ff6734&#8243; header_2_font_size=&#8221;40px&#8221; header_2_line_height=&#8221;1.3em&#8221; custom_margin=&#8221;||10px||false|false&#8221; header_2_font_size_tablet=&#8221;32px&#8221; header_2_font_size_phone=&#8221;20px&#8221; header_2_font_size_last_edited=&#8221;on|tablet&#8221; header_2_line_height_tablet=&#8221;1.4em&#8221; header_2_line_height_phone=&#8221;1.6em&#8221; header_2_line_height_last_edited=&#8221;on|tablet&#8221; global_colors_info=&#8221;{}&#8221;]<\/p>\n<h2>MEDEO FORMATION C&#8217;EST QUOI ?<\/h2>\n<p>[\/et_pb_text][\/et_pb_column][\/et_pb_row][et_pb_row _builder_version=&#8221;4.16&#8243; _module_preset=&#8221;default&#8221; global_colors_info=&#8221;{}&#8221;][et_pb_column type=&#8221;4_4&#8243; _builder_version=&#8221;4.16&#8243; _module_preset=&#8221;default&#8221; transform_rotate=&#8221;0deg|0deg|-10deg&#8221; overflow-x=&#8221;visible&#8221; overflow-y=&#8221;visible&#8221; border_radii=&#8221;on|100%|100%|100%|100%&#8221; border_width_all=&#8221;4px&#8221; border_color_all=&#8221;#FF6734&#8243; global_colors_info=&#8221;{}&#8221;][et_pb_image src=&#8221;http:\/\/formation-geste-soins-urgence-idel.fr\/wp-content\/uploads\/2024\/03\/home-care-41.jpg&#8221; title_text=&#8221;home-care-41&#8243; _builder_version=&#8221;4.16&#8243; _module_preset=&#8221;default&#8221; transform_scale_tablet=&#8221;&#8221; transform_scale_phone=&#8221;&#8221; transform_scale_last_edited=&#8221;on|phone&#8221; transform_translate=&#8221;-40px|-40px&#8221; transform_translate_tablet=&#8221;-20px|-20px&#8221; transform_translate_phone=&#8221;-20px|-20px&#8221; transform_translate_last_edited=&#8221;on|phone&#8221; transform_translate_linked=&#8221;off&#8221; transform_rotate_tablet=&#8221;&#8221; transform_rotate_phone=&#8221;&#8221; transform_rotate_last_edited=&#8221;on|phone&#8221; transform_skew_tablet=&#8221;&#8221; transform_skew_phone=&#8221;&#8221; transform_skew_last_edited=&#8221;on|phone&#8221; transform_origin_tablet=&#8221;&#8221; transform_origin_phone=&#8221;&#8221; transform_origin_last_edited=&#8221;on|phone&#8221; transform_styles_last_edited=&#8221;on|phone&#8221; mix_blend_mode=&#8221;difference&#8221; transform_styles_tablet=&#8221;&#8221; transform_styles_phone=&#8221;&#8221; border_radii=&#8221;on|100%|100%|100%|100%&#8221; global_colors_info=&#8221;{}&#8221;][\/et_pb_image][\/et_pb_column][\/et_pb_row][et_pb_row column_structure=&#8221;1_3,1_3,1_3&#8243; _builder_version=&#8221;4.16&#8243; _module_preset=&#8221;default&#8221; global_colors_info=&#8221;{}&#8221;][et_pb_column type=&#8221;1_3&#8243; _builder_version=&#8221;4.16&#8243; _module_preset=&#8221;default&#8221; background_color=&#8221;#FF6734&#8243; transform_rotate=&#8221;0deg|0deg|-30deg&#8221; custom_padding=&#8221;13%|20px|13%|20px|true|true&#8221; border_radii=&#8221;on|100%|100%|100%|100%&#8221; global_colors_info=&#8221;{}&#8221;][et_pb_number_counter title=&#8221;Stagiaires form\u00e9s&#8221; number=&#8221;2500&#8243; percent_sign=&#8221;off&#8221; _builder_version=&#8221;4.24.2&#8243; _module_preset=&#8221;default&#8221; title_font=&#8221;Poppins||||||||&#8221; title_text_color=&#8221;#FFFFFF&#8221; number_font=&#8221;Poppins||||||||&#8221; number_text_color=&#8221;#FFFFFF&#8221; transform_rotate=&#8221;0deg|0deg|30deg&#8221; global_colors_info=&#8221;{}&#8221;][\/et_pb_number_counter][\/et_pb_column][et_pb_column type=&#8221;1_3&#8243; _builder_version=&#8221;4.16&#8243; _module_preset=&#8221;default&#8221; background_color=&#8221;#f5a623&#8243; transform_scale_tablet=&#8221;&#8221; transform_scale_phone=&#8221;&#8221; transform_scale_last_edited=&#8221;on|desktop&#8221; transform_translate=&#8221;0px|-40%&#8221; transform_translate_tablet=&#8221;0px|0%&#8221; transform_translate_phone=&#8221;0px|0%&#8221; transform_translate_last_edited=&#8221;on|tablet&#8221; transform_translate_linked=&#8221;off&#8221; transform_rotate=&#8221;0deg|0deg|-30deg&#8221; transform_rotate_tablet=&#8221;0deg|0deg|-30deg&#8221; transform_rotate_phone=&#8221;0deg|0deg|-30deg&#8221; transform_rotate_last_edited=&#8221;on|desktop&#8221; transform_skew_tablet=&#8221;&#8221; transform_skew_phone=&#8221;&#8221; transform_skew_last_edited=&#8221;on|desktop&#8221; transform_origin_tablet=&#8221;&#8221; transform_origin_phone=&#8221;&#8221; transform_origin_last_edited=&#8221;on|desktop&#8221; transform_styles_last_edited=&#8221;on|tablet&#8221; custom_padding=&#8221;13%|20px|13%|20px|true|true&#8221; transform_styles_tablet=&#8221;&#8221; transform_styles_phone=&#8221;&#8221; border_radii=&#8221;on|100%|100%|100%|100%&#8221; global_colors_info=&#8221;{}&#8221;][et_pb_number_counter title=&#8221;Nombre de sessions&#8221; number=&#8221;+290&#8243; percent_sign=&#8221;off&#8221; _builder_version=&#8221;4.24.2&#8243; _module_preset=&#8221;default&#8221; title_font=&#8221;Poppins||||||||&#8221; title_text_color=&#8221;#FFFFFF&#8221; number_font=&#8221;Poppins||||||||&#8221; number_text_color=&#8221;#FFFFFF&#8221; transform_rotate=&#8221;0deg|0deg|30deg&#8221; locked=&#8221;off&#8221; global_colors_info=&#8221;{}&#8221;][\/et_pb_number_counter][\/et_pb_column][et_pb_column type=&#8221;1_3&#8243; _builder_version=&#8221;4.16&#8243; _module_preset=&#8221;default&#8221; global_colors_info=&#8221;{}&#8221;][et_pb_text _builder_version=&#8221;4.24.2&#8243; _module_preset=&#8221;f0cf31b9-b2e7-4752-a57c-6e2f73347b36&#8243; text_font=&#8221;Poppins||||||||&#8221; text_text_color=&#8221;#4F5168&#8243; text_font_size=&#8221;16px&#8221; text_line_height=&#8221;1.8em&#8221; module_alignment=&#8221;right&#8221; text_font_size_tablet=&#8221;15px&#8221; text_font_size_phone=&#8221;14px&#8221; text_font_size_last_edited=&#8221;on|phone&#8221; header_font_size_tablet=&#8221;55px&#8221; header_font_size_last_edited=&#8221;off|desktop&#8221; global_colors_info=&#8221;{}&#8221;]MEDEO FORMATION accompagne les professionnels de sant\u00e9 lib\u00e9raux ainsi que les \u00e9tablissements des secteurs m\u00e9dicaux et m\u00e9dicaux-sociaux dans leur d\u00e9sir de formation, de d\u00e9veloppement et de perfectionnement de leurs comp\u00e9tences.[\/et_pb_text][\/et_pb_column][\/et_pb_row][et_pb_row _builder_version=&#8221;4.24.2&#8243; _module_preset=&#8221;default&#8221; global_colors_info=&#8221;{}&#8221;][et_pb_column type=&#8221;4_4&#8243; _builder_version=&#8221;4.24.2&#8243; _module_preset=&#8221;default&#8221; global_colors_info=&#8221;{}&#8221;][et_pb_text _builder_version=&#8221;4.24.2&#8243; _module_preset=&#8221;default&#8221; text_font=&#8221;Poppins||||||||&#8221; text_font_size=&#8221;16px&#8221; text_line_height=&#8221;1.8em&#8221; global_colors_info=&#8221;{}&#8221;]<\/p>\n<p><strong>..MEDEO Formation se distingue par son approche innovante et holistique :<\/strong><\/p>\n<ul>\n<li><span style=\"font-weight: 400;\"> Des formations SSE dispens\u00e9es par des professionnels aguerris et passionn\u00e9s.<\/span><\/li>\n<li><span style=\"font-weight: 400;\"> Des groupes restreints favorisant un apprentissage personnalis\u00e9 et des interactions enrichissantes.<\/span><\/li>\n<li><span style=\"font-weight: 400;\"> Des lieux de formation idylliques s\u00e9lectionn\u00e9s avec soin pour stimuler la cr\u00e9ativit\u00e9, la concentration et le bien-\u00eatre.<\/span><\/li>\n<li><span style=\"font-weight: 400;\"> Une p\u00e9dagogie interactive et participative combinant th\u00e9orie, mises en situation pratique et \u00e9tudes de cas r\u00e9els.<\/span><\/li>\n<li><span style=\"font-weight: 400;\"> Un suivi p\u00e9dagogique individualis\u00e9 pour garantir l&#8217;assimilation des connaissances et le d\u00e9veloppement des comp\u00e9tences.<\/span><\/li>\n<li><span style=\"font-weight: 400;\"> Une attention particuli\u00e8re au bien-\u00eatre des participants pour une exp\u00e9rience d&#8217;apprentissage optimale.<\/span><\/li>\n<\/ul>\n<p><strong>En choisissant MEDEO Formation, vous b\u00e9n\u00e9ficiez de :<\/strong><\/p>\n<ul>\n<li><span style=\"font-weight: 400;\"> Une formation SSE de qualit\u00e9 sup\u00e9rieure.<\/span><\/li>\n<li><span style=\"font-weight: 400;\"> Un environnement d&#8217;apprentissage unique et stimulant.<\/span><\/li>\n<li><span style=\"font-weight: 400;\"> Une exp\u00e9rience enrichissante et inoubliable.<\/span><\/li>\n<li><span style=\"font-weight: 400;\"> La possibilit\u00e9 d&#8217;acqu\u00e9rir les comp\u00e9tences et la confiance n\u00e9cessaires pour faire face aux SSE avec professionnalisme et efficacit\u00e9.<\/span><\/li>\n<li>Le 1er centre de formation sp\u00e9cialiste en situations sanitaires exceptionnelles SSE DPC idel en Occitanie. Perpignan &#8211; Toulouse &#8211; Montpellier &#8211; N\u00eemes &#8211; B\u00e9ziers &#8211; Narbonne.<span style=\"font-weight: 400;\"><\/span><\/li>\n<\/ul>\n<p>[\/et_pb_text][\/et_pb_column][\/et_pb_row][\/et_pb_section][et_pb_section fb_built=&#8221;1&#8243; next_background_color=&#8221;#ffffff&#8221; admin_label=&#8221;Call to Action&#8221; module_id=&#8221;financement&#8221; _builder_version=&#8221;4.24.2&#8243; _module_preset=&#8221;default&#8221; background_color=&#8221;gcid-6af2433c-136a-41e8-bdf8-d7150ce65f27&#8243; background_enable_image=&#8221;off&#8221; background_size=&#8221;contain&#8221; background_position=&#8221;bottom_right&#8221; bottom_divider_style=&#8221;slant2&#8243; bottom_divider_height=&#8221;36px&#8221; global_colors_info=&#8221;{%22gcid-6af2433c-136a-41e8-bdf8-d7150ce65f27%22:%91%22background_color%22%93}&#8221; background__hover_enabled=&#8221;on|hover&#8221; background_image__hover=&#8221;&#8221; background_enable_image__hover=&#8221;off&#8221;][et_pb_row column_structure=&#8221;3_5,2_5&#8243; _builder_version=&#8221;4.16&#8243; _module_preset=&#8221;default&#8221; global_colors_info=&#8221;{}&#8221;][et_pb_column type=&#8221;3_5&#8243; _builder_version=&#8221;4.16&#8243; _module_preset=&#8221;default&#8221; global_colors_info=&#8221;{}&#8221;][et_pb_text _builder_version=&#8221;4.24.2&#8243; _module_preset=&#8221;b6cb9bd8-0fbd-4699-b58d-51b3d480db23&#8243; text_font=&#8221;Poppins||||||||&#8221; text_text_color=&#8221;#FFFFFF&#8221; text_font_size=&#8221;16px&#8221; header_2_font=&#8221;Poppins|600||on|||||&#8221; header_2_text_color=&#8221;#FFFFFF&#8221; header_2_font_size=&#8221;40px&#8221; header_2_line_height=&#8221;1.3em&#8221; header_3_font=&#8221;Poppins|||on|||||&#8221; header_3_text_color=&#8221;#FFFFFF&#8221; text_orientation=&#8221;center&#8221; custom_margin=&#8221;||10px||false|false&#8221; header_2_font_size_tablet=&#8221;32px&#8221; header_2_font_size_phone=&#8221;20px&#8221; header_2_font_size_last_edited=&#8221;on|tablet&#8221; header_2_line_height_tablet=&#8221;1.4em&#8221; header_2_line_height_phone=&#8221;1.6em&#8221; header_2_line_height_last_edited=&#8221;on|tablet&#8221; header_2_text_shadow_style=&#8221;preset2&#8243; global_colors_info=&#8221;{}&#8221;]<\/p>\n<h2>Le Financement de la formation<\/h2>\n<h3>Financement jusqu&#8217;\u00e0 100%<\/h3>\n<p><span style=\"text-decoration: underline;\"><em>Sous r\u00e9serve de votre enveloppe budg\u00e9taire en cours.<\/em><\/span><br \/>DPC<br \/>FIF-pl<br \/>Financement personnel ouvrant droit au cr\u00e9dit d\u2019imp\u00f4t pour les d\u00e9penses de formation des dirigeants d\u2019entreprise<br \/>Formation DPC idel en Occitanie. Perpignan &#8211; Toulouse &#8211; Montpellier &#8211; N\u00eemes &#8211; B\u00e9ziers &#8211; Narbonne &#8211; Carcassonne..<\/p>\n<p>[\/et_pb_text][\/et_pb_column][et_pb_column type=&#8221;2_5&#8243; _builder_version=&#8221;4.16&#8243; _module_preset=&#8221;default&#8221; global_colors_info=&#8221;{}&#8221;][et_pb_image src=&#8221;http:\/\/formation-geste-soins-urgence-idel.fr\/wp-content\/uploads\/2024\/03\/idel-2-e1711100642806-300&#215;290.jpg&#8221; title_text=&#8221;idel (2)&#8221; _builder_version=&#8221;4.24.2&#8243; _module_preset=&#8221;default&#8221; global_colors_info=&#8221;{}&#8221;][\/et_pb_image][\/et_pb_column][\/et_pb_row][\/et_pb_section][et_pb_section fb_built=&#8221;1&#8243; admin_label=&#8221;Testimonials&#8221; _builder_version=&#8221;4.16&#8243; _module_preset=&#8221;default&#8221; global_colors_info=&#8221;{}&#8221;][et_pb_row column_structure=&#8221;1_3,2_3&#8243; _builder_version=&#8221;4.16&#8243; _module_preset=&#8221;default&#8221; width=&#8221;90%&#8221; global_colors_info=&#8221;{}&#8221;][et_pb_column type=&#8221;1_3&#8243; _builder_version=&#8221;4.16&#8243; _module_preset=&#8221;default&#8221; overflow-x=&#8221;visible&#8221; overflow-y=&#8221;visible&#8221; border_radii=&#8221;off|200px|200px||&#8221; border_width_all=&#8221;4px&#8221; border_color_all=&#8221;#FF6734&#8243; global_colors_info=&#8221;{}&#8221;][et_pb_image src=&#8221;http:\/\/formation-geste-soins-urgence-idel.fr\/wp-content\/uploads\/2024\/03\/Design-sans-titre-4-1.png&#8221; title_text=&#8221;Design sans titre (4)&#8221; _builder_version=&#8221;4.24.2&#8243; _module_preset=&#8221;default&#8221; transform_translate=&#8221;-30px|-30px&#8221; transform_translate_linked=&#8221;off&#8221; mix_blend_mode=&#8221;difference&#8221; border_radii=&#8221;off|200px|200px||&#8221; global_colors_info=&#8221;{}&#8221;][\/et_pb_image][\/et_pb_column][et_pb_column type=&#8221;2_3&#8243; _builder_version=&#8221;4.16&#8243; _module_preset=&#8221;default&#8221; custom_padding=&#8221;100px||||false|false&#8221; custom_padding_tablet=&#8221;|||&#8221; custom_padding_phone=&#8221;|||&#8221; custom_padding_last_edited=&#8221;on|tablet&#8221; global_colors_info=&#8221;{}&#8221;][et_pb_text _builder_version=&#8221;4.24.2&#8243; _module_preset=&#8221;b6cb9bd8-0fbd-4699-b58d-51b3d480db23&#8243; header_2_font=&#8221;Poppins|600|||||||&#8221; header_2_text_color=&#8221;#ff6734&#8243; header_2_font_size=&#8221;52px&#8221; header_2_line_height=&#8221;1.3em&#8221; text_orientation=&#8221;center&#8221; custom_margin=&#8221;||10px||false|false&#8221; header_2_font_size_tablet=&#8221;32px&#8221; header_2_font_size_phone=&#8221;20px&#8221; header_2_font_size_last_edited=&#8221;on|tablet&#8221; header_2_line_height_tablet=&#8221;1.4em&#8221; header_2_line_height_phone=&#8221;1.6em&#8221; header_2_line_height_last_edited=&#8221;on|tablet&#8221; global_colors_info=&#8221;{}&#8221;]<\/p>\n<h2>Satisfaction des participants<\/h2>\n<p>[\/et_pb_text][et_pb_code _builder_version=&#8221;4.27.2&#8243; _module_preset=&#8221;default&#8221; global_colors_info=&#8221;{}&#8221;]<pre class=\"ti-widget\"><template id=\"trustindex-google-widget-html\"><div class=\" ti-widget  ti-goog ti-review-text-mode-readmore ti-text-align-left\" data-no-translation=\"true\" data-time-locale=\"%d %s ago|today|day|days|week|weeks|month|months|year|years\" data-plugin-version=\"13.2.8\" data-layout-id=\"17\" data-layout-category=\"floating\" data-set-id=\"light-background\" data-pid=\"\" data-language=\"en\" data-close-locale=\"Close\" data-css-version=\"2\" data-reply-by-locale=\"Owner's reply\" data-only-rating-locale=\"This user only left a rating.\" data-pager-autoplay-timeout=\"6\"> <div class=\"ti-widget-container ti-col-1\"> <div class=\"ti-reviews-container\"> <div class=\"ti-reviews-container-wrapper\">  <div data-empty=\"0\" data-time=\"1764115200\" class=\"ti-review-item source-Google ti-image-layout-thumbnail\" data-id=\"cfcd208495d565ef66e7dff9f98764da\"> <div class=\"ti-close-button\" aria-label=\"Close\" role=\"button\"><\/div> <div class=\"ti-inner\"> <div class=\"col-left\"> <div class=\"ti-review-header\"> <div class=\"ti-profile-img\"> <trustindex-image data-imgurl=\"https:\/\/lh3.googleusercontent.com\/a\/ACg8ocJXY1zwYgOdMNhlxBEa3LclP9-JU2FaIPFRvhKieNy3IPxYzQ=w40-h40-c-rp-mo-br100\" alt=\"Nico deltour profile picture\" loading=\"lazy\"><\/trustindex-image> <\/div> <\/div> <\/div> <div class=\"col-right\"> <span class=\"ti-stars\"> <div class=\"ti-platform-icon ti-with-tooltip\"> <span class=\"ti-tooltip\">Posted on <\/span> <trustindex-image data-imgurl=\"https:\/\/cdn.trustindex.io\/assets\/platform\/Google\/icon.svg\" alt=\"\" width=\"20\" height=\"20\" loading=\"lazy\"><\/trustindex-image> <\/div> <trustindex-image class=\"ti-star\" data-imgurl=\"https:\/\/cdn.trustindex.io\/assets\/platform\/Google\/star\/f.svg\" alt=\"Google\" width=\"17\" height=\"17\" loading=\"lazy\"><\/trustindex-image><trustindex-image class=\"ti-star\" data-imgurl=\"https:\/\/cdn.trustindex.io\/assets\/platform\/Google\/star\/f.svg\" alt=\"Google\" width=\"17\" height=\"17\" loading=\"lazy\"><\/trustindex-image><trustindex-image class=\"ti-star\" data-imgurl=\"https:\/\/cdn.trustindex.io\/assets\/platform\/Google\/star\/f.svg\" alt=\"Google\" width=\"17\" height=\"17\" loading=\"lazy\"><\/trustindex-image><trustindex-image class=\"ti-star\" data-imgurl=\"https:\/\/cdn.trustindex.io\/assets\/platform\/Google\/star\/f.svg\" alt=\"Google\" width=\"17\" height=\"17\" loading=\"lazy\"><\/trustindex-image><trustindex-image class=\"ti-star\" data-imgurl=\"https:\/\/cdn.trustindex.io\/assets\/platform\/Google\/star\/f.svg\" alt=\"Google\" width=\"17\" height=\"17\" loading=\"lazy\"><\/trustindex-image><span class=\"ti-verified-review ti-verified-platform\"><span class=\"ti-verified-tooltip\">Trustindex verifies that the original source of the review is Google.<\/span><\/span> <\/span> <div class=\"ti-review-text-container ti-review-text\"><!-- R-CONTENT -->Super cadre,  repas excellent...le petit plus qui compte pour une formation \u00e9tonnamment accessible et utile..top<!-- R-CONTENT --><\/div> <div class=\"ti-profile-details\"> <div class=\"ti-name\"> Nico deltour <\/div> <div class=\"ti-date\"><\/div> <\/div> <\/div> <\/div> <\/div>  <div data-empty=\"0\" data-time=\"1764028800\" class=\"ti-review-item source-Google ti-image-layout-thumbnail\" data-id=\"cfcd208495d565ef66e7dff9f98764da\"> <div class=\"ti-close-button\" aria-label=\"Close\" role=\"button\"><\/div> <div class=\"ti-inner\"> <div class=\"col-left\"> <div class=\"ti-review-header\"> <div class=\"ti-profile-img\"> <trustindex-image data-imgurl=\"https:\/\/lh3.googleusercontent.com\/a\/ACg8ocK014SxY3TOZBg3DYrLxBNIy7PeE58cSvJ7MQaEJSb0g3XDlQ=w40-h40-c-rp-mo-ba2-br100\" alt=\"Christelle Carreras profile picture\" loading=\"lazy\"><\/trustindex-image> <\/div> <\/div> <\/div> <div class=\"col-right\"> <span class=\"ti-stars\"> <div class=\"ti-platform-icon ti-with-tooltip\"> <span class=\"ti-tooltip\">Posted on <\/span> <trustindex-image data-imgurl=\"https:\/\/cdn.trustindex.io\/assets\/platform\/Google\/icon.svg\" alt=\"\" width=\"20\" height=\"20\" loading=\"lazy\"><\/trustindex-image> <\/div> <trustindex-image class=\"ti-star\" data-imgurl=\"https:\/\/cdn.trustindex.io\/assets\/platform\/Google\/star\/f.svg\" alt=\"Google\" width=\"17\" height=\"17\" loading=\"lazy\"><\/trustindex-image><trustindex-image class=\"ti-star\" data-imgurl=\"https:\/\/cdn.trustindex.io\/assets\/platform\/Google\/star\/f.svg\" alt=\"Google\" width=\"17\" height=\"17\" loading=\"lazy\"><\/trustindex-image><trustindex-image class=\"ti-star\" data-imgurl=\"https:\/\/cdn.trustindex.io\/assets\/platform\/Google\/star\/f.svg\" alt=\"Google\" width=\"17\" height=\"17\" loading=\"lazy\"><\/trustindex-image><trustindex-image class=\"ti-star\" data-imgurl=\"https:\/\/cdn.trustindex.io\/assets\/platform\/Google\/star\/f.svg\" alt=\"Google\" width=\"17\" height=\"17\" loading=\"lazy\"><\/trustindex-image><trustindex-image class=\"ti-star\" data-imgurl=\"https:\/\/cdn.trustindex.io\/assets\/platform\/Google\/star\/f.svg\" alt=\"Google\" width=\"17\" height=\"17\" loading=\"lazy\"><\/trustindex-image><span class=\"ti-verified-review ti-verified-platform\"><span class=\"ti-verified-tooltip\">Trustindex verifies that the original source of the review is Google.<\/span><\/span> <\/span> <div class=\"ti-review-text-container ti-review-text\"><!-- R-CONTENT -->\u00c9tablissement adapt\u00e9 pour les formations, le personnel est au petit soin.<!-- R-CONTENT --><\/div> <div class=\"ti-profile-details\"> <div class=\"ti-name\"> Christelle Carreras <\/div> <div class=\"ti-date\"><\/div> <\/div> <\/div> <\/div> <\/div>  <div data-empty=\"0\" data-time=\"1763251200\" class=\"ti-review-item source-Google ti-image-layout-thumbnail\" data-id=\"cfcd208495d565ef66e7dff9f98764da\"> <div class=\"ti-close-button\" aria-label=\"Close\" role=\"button\"><\/div> <div class=\"ti-inner\"> <div class=\"col-left\"> <div class=\"ti-review-header\"> <div class=\"ti-profile-img\"> <trustindex-image data-imgurl=\"https:\/\/lh3.googleusercontent.com\/a\/ACg8ocJqAY_3EOhPY4zGYwsOPLZ_ZUzXmJ7cEzk1CC48k0gc4ipVEA=w40-h40-c-rp-mo-br100\" alt=\"Gaelle Thomas profile picture\" loading=\"lazy\"><\/trustindex-image> <\/div> <\/div> <\/div> <div class=\"col-right\"> <span class=\"ti-stars\"> <div class=\"ti-platform-icon ti-with-tooltip\"> <span class=\"ti-tooltip\">Posted on <\/span> <trustindex-image data-imgurl=\"https:\/\/cdn.trustindex.io\/assets\/platform\/Google\/icon.svg\" alt=\"\" width=\"20\" height=\"20\" loading=\"lazy\"><\/trustindex-image> <\/div> <trustindex-image class=\"ti-star\" data-imgurl=\"https:\/\/cdn.trustindex.io\/assets\/platform\/Google\/star\/f.svg\" alt=\"Google\" width=\"17\" height=\"17\" loading=\"lazy\"><\/trustindex-image><trustindex-image class=\"ti-star\" data-imgurl=\"https:\/\/cdn.trustindex.io\/assets\/platform\/Google\/star\/f.svg\" alt=\"Google\" width=\"17\" height=\"17\" loading=\"lazy\"><\/trustindex-image><trustindex-image class=\"ti-star\" data-imgurl=\"https:\/\/cdn.trustindex.io\/assets\/platform\/Google\/star\/f.svg\" alt=\"Google\" width=\"17\" height=\"17\" loading=\"lazy\"><\/trustindex-image><trustindex-image class=\"ti-star\" data-imgurl=\"https:\/\/cdn.trustindex.io\/assets\/platform\/Google\/star\/f.svg\" alt=\"Google\" width=\"17\" height=\"17\" loading=\"lazy\"><\/trustindex-image><trustindex-image class=\"ti-star\" data-imgurl=\"https:\/\/cdn.trustindex.io\/assets\/platform\/Google\/star\/f.svg\" alt=\"Google\" width=\"17\" height=\"17\" loading=\"lazy\"><\/trustindex-image><span class=\"ti-verified-review ti-verified-platform\"><span class=\"ti-verified-tooltip\">Trustindex verifies that the original source of the review is Google.<\/span><\/span> <\/span> <div class=\"ti-review-text-container ti-review-text\"><!-- R-CONTENT -->Formation Bilan de pr\u00e9vention tr\u00e8s int\u00e9ressante et enrichissante permettant de mettre en avant un r\u00f4le infirmier \u00e9ducatif tr\u00e8s prometteur dans notre pratique si on arrive \u00e0 le mettre en place rapidement !\nFormatrice et cadre tr\u00e8s sympathique !<!-- R-CONTENT --><\/div> <div class=\"ti-profile-details\"> <div class=\"ti-name\"> Gaelle Thomas <\/div> <div class=\"ti-date\"><\/div> <\/div> <\/div> <\/div> <\/div>  <div data-empty=\"0\" data-time=\"1762300800\" class=\"ti-review-item source-Google ti-image-layout-thumbnail\" data-id=\"cfcd208495d565ef66e7dff9f98764da\"> <div class=\"ti-close-button\" aria-label=\"Close\" role=\"button\"><\/div> <div class=\"ti-inner\"> <div class=\"col-left\"> <div class=\"ti-review-header\"> <div class=\"ti-profile-img\"> <trustindex-image data-imgurl=\"https:\/\/lh3.googleusercontent.com\/a-\/ALV-UjXG8U4_kl5B3SjMuXUY8vy6H7uoEqeQQfukSWtI1wwS0R_i_jY=w40-h40-c-rp-mo-ba3-br100\" alt=\"laura Cruz profile picture\" loading=\"lazy\"><\/trustindex-image> <\/div> <\/div> <\/div> <div class=\"col-right\"> <span class=\"ti-stars\"> <div class=\"ti-platform-icon ti-with-tooltip\"> <span class=\"ti-tooltip\">Posted on <\/span> <trustindex-image data-imgurl=\"https:\/\/cdn.trustindex.io\/assets\/platform\/Google\/icon.svg\" alt=\"\" width=\"20\" height=\"20\" loading=\"lazy\"><\/trustindex-image> <\/div> <trustindex-image class=\"ti-star\" data-imgurl=\"https:\/\/cdn.trustindex.io\/assets\/platform\/Google\/star\/f.svg\" alt=\"Google\" width=\"17\" height=\"17\" loading=\"lazy\"><\/trustindex-image><trustindex-image class=\"ti-star\" data-imgurl=\"https:\/\/cdn.trustindex.io\/assets\/platform\/Google\/star\/f.svg\" alt=\"Google\" width=\"17\" height=\"17\" loading=\"lazy\"><\/trustindex-image><trustindex-image class=\"ti-star\" data-imgurl=\"https:\/\/cdn.trustindex.io\/assets\/platform\/Google\/star\/f.svg\" alt=\"Google\" width=\"17\" height=\"17\" loading=\"lazy\"><\/trustindex-image><trustindex-image class=\"ti-star\" data-imgurl=\"https:\/\/cdn.trustindex.io\/assets\/platform\/Google\/star\/f.svg\" alt=\"Google\" width=\"17\" height=\"17\" loading=\"lazy\"><\/trustindex-image><trustindex-image class=\"ti-star\" data-imgurl=\"https:\/\/cdn.trustindex.io\/assets\/platform\/Google\/star\/f.svg\" alt=\"Google\" width=\"17\" height=\"17\" loading=\"lazy\"><\/trustindex-image><span class=\"ti-verified-review ti-verified-platform\"><span class=\"ti-verified-tooltip\">Trustindex verifies that the original source of the review is Google.<\/span><\/span> <\/span> <div class=\"ti-review-text-container ti-review-text\"><!-- R-CONTENT -->Super, rien \u00e0 dire sur la formation.<!-- R-CONTENT --><\/div> <div class=\"ti-profile-details\"> <div class=\"ti-name\"> laura Cruz <\/div> <div class=\"ti-date\"><\/div> <\/div> <\/div> <\/div> <\/div>  <div data-empty=\"0\" data-time=\"1762214400\" class=\"ti-review-item source-Google ti-image-layout-thumbnail\" data-id=\"cfcd208495d565ef66e7dff9f98764da\"> <div class=\"ti-close-button\" aria-label=\"Close\" role=\"button\"><\/div> <div class=\"ti-inner\"> <div class=\"col-left\"> <div class=\"ti-review-header\"> <div class=\"ti-profile-img\"> <trustindex-image data-imgurl=\"https:\/\/lh3.googleusercontent.com\/a-\/ALV-UjVmNdoMDchEEVC4ief-0lDheQahzRPDjNSqPsNNJscqW1kKEZ4f=w40-h40-c-rp-mo-br100\" alt=\"Garidou Odette profile picture\" loading=\"lazy\"><\/trustindex-image> <\/div> <\/div> <\/div> <div class=\"col-right\"> <span class=\"ti-stars\"> <div class=\"ti-platform-icon ti-with-tooltip\"> <span class=\"ti-tooltip\">Posted on <\/span> <trustindex-image data-imgurl=\"https:\/\/cdn.trustindex.io\/assets\/platform\/Google\/icon.svg\" alt=\"\" width=\"20\" height=\"20\" loading=\"lazy\"><\/trustindex-image> <\/div> <trustindex-image class=\"ti-star\" data-imgurl=\"https:\/\/cdn.trustindex.io\/assets\/platform\/Google\/star\/f.svg\" alt=\"Google\" width=\"17\" height=\"17\" loading=\"lazy\"><\/trustindex-image><trustindex-image class=\"ti-star\" data-imgurl=\"https:\/\/cdn.trustindex.io\/assets\/platform\/Google\/star\/f.svg\" alt=\"Google\" width=\"17\" height=\"17\" loading=\"lazy\"><\/trustindex-image><trustindex-image class=\"ti-star\" data-imgurl=\"https:\/\/cdn.trustindex.io\/assets\/platform\/Google\/star\/f.svg\" alt=\"Google\" width=\"17\" height=\"17\" loading=\"lazy\"><\/trustindex-image><trustindex-image class=\"ti-star\" data-imgurl=\"https:\/\/cdn.trustindex.io\/assets\/platform\/Google\/star\/f.svg\" alt=\"Google\" width=\"17\" height=\"17\" loading=\"lazy\"><\/trustindex-image><trustindex-image class=\"ti-star\" data-imgurl=\"https:\/\/cdn.trustindex.io\/assets\/platform\/Google\/star\/f.svg\" alt=\"Google\" width=\"17\" height=\"17\" loading=\"lazy\"><\/trustindex-image><span class=\"ti-verified-review ti-verified-platform\"><span class=\"ti-verified-tooltip\">Trustindex verifies that the original source of the review is Google.<\/span><\/span> <\/span> <div class=\"ti-review-text-container ti-review-text\"><!-- R-CONTENT -->Super!\nRestaurant excellent<!-- R-CONTENT --><\/div> <div class=\"ti-profile-details\"> <div class=\"ti-name\"> Garidou Odette <\/div> <div class=\"ti-date\"><\/div> <\/div> <\/div> <\/div> <\/div>  <\/div> <\/div> <\/div> <\/div> <\/template><\/pre><div data-src=\"https:\/\/cdn.trustindex.io\/loader.js?wp-widget\" data-template-id=\"trustindex-google-widget-html\" data-css-url=\"https:\/\/formation-geste-soins-urgence-idel.fr\/wp-content\/uploads\/trustindex-google-widget.css?1775037011\"><\/div>[\/et_pb_code][\/et_pb_column][\/et_pb_row][et_pb_row _builder_version=&#8221;4.24.2&#8243; _module_preset=&#8221;default&#8221; global_colors_info=&#8221;{}&#8221;][et_pb_column type=&#8221;4_4&#8243; _builder_version=&#8221;4.24.2&#8243; _module_preset=&#8221;default&#8221; global_colors_info=&#8221;{}&#8221;][et_pb_text _builder_version=&#8221;4.24.3&#8243; _module_preset=&#8221;default&#8221; text_font=&#8221;Poppins||||||||&#8221; text_font_size=&#8221;16px&#8221; header_font=&#8221;Poppins||||||||&#8221; global_colors_info=&#8221;{}&#8221;]<\/p>\n<p>Les situations sanitaires exceptionnelles constituent une menace croissante pour la sant\u00e9 publique. La formation SSE est un outil essentiel pour permettre aux professionnels de sant\u00e9 de faire face \u00e0 ces \u00e9v\u00e9nements et de prot\u00e9ger la population.<br \/>MEDEO Formation propose une offre de formation de qualit\u00e9 r\u00e9pondant aux besoins des professionnels de sant\u00e9.<\/p>\n<p>L\u2019objectif de cette formation et de l\u2019orientation prioritaire du DPC est d\u2019obtenir, sur l\u2019ensemble du territoire, des professionnels de sante\u0301 civils tout secteur d\u2019activit\u00e9 confondu et militaires form\u00e9s aux gestes et soins d\u2019urgence et a\u0300 la prise en charge des situations sanitaires exceptionnelles.<br \/>Il s\u2019agit pour ces professionnels de sante\u0301 d\u2019acque\u0301rir les connaissances ne\u0301cessaires pour s\u2019adapter en cons\u00e9quence et remplir au mieux leurs missions notamment pour la pre\u0301paration des plans de gestion des situations sanitaires exceptionnelles et leur mise en \u0153uvre en fonction de leur cadre d\u2019exercice.<\/p>\n<h3>Ainsi pendant ces 2 jours de formations seront abord\u00e9s :<\/h3>\n<ul>\n<li>L\u2019accueil, le triage et la prise en charge pre\u0301hospitalie\u0300re et hospitalie\u0300re des blesse\u0301s somatiques d\u2019accidents collectifs ou d\u2019attentats en particulier la mise en \u0153uvre des gestes et soins d\u2019urgence, les techniques de \u00ab damage control \u00bb me\u0301dicales et chirurgicales et les soins spe\u0301cifiques aux bru\u0302le\u0301s dans ces contextes particuliers ;<br \/>La monte\u0301e en puissance des soins critiques adultes et pe\u0301diatriques pour assurer la prise en charge d\u2019un afflux de patients ne\u0301cessitant ce type de prise en charge ;<\/li>\n<li>Les risques et prises en charge des patients victimes d\u2019un agent nucle\u0301aire, radiologique, biologique et chimique (activite\u0301s du complexe militaro-industriel, menace terroriste, etc.), y compris les techniques de de\u0301contamination et l\u2019administration des the\u0301rapeutiques spe\u0301cifiques ;<\/li>\n<li>L\u2019intervention me\u0301dico-psychologique pre\u0301hospitalie\u0300re et hospitalie\u0300re aupre\u0300s des blesse\u0301s psychiques et la prise en charge des troubles psychiques post-traumatiques ;<\/li>\n<li>La prise en charge des patients atteints d\u2019infection lie\u0301e a\u0300 un risque e\u0301pide\u0301mique et biologique et leur diagnostic biologique ;<\/li>\n<li>La gestion des conse\u0301quences sanitaires des e\u0301ve\u0301nements climatiques ;<\/li>\n<li>L\u2019organisation de la re\u0301ponse du syste\u0300me de sante\u0301 et la monte\u0301e en puissance du secteur de la ville, des e\u0301tablissements de sante\u0301 ou me\u0301dico-sociaux (plan de re\u0301ponse aux situations sanitaires exceptionnelles en ville, plan de gestion des tensions hospitalie\u0300res et des situations sanitaires exceptionnelles des e\u0301tablissements de sante\u0301 ou des plans bleus des e\u0301tablissements me\u0301dico-sociaux) pre\u0301vues dans le dispositif ORSAN et les principes de la me\u0301decine d\u2019urgence et de catastrophe pre\u0301hospitalie\u0300re notamment dans le cadre du dispositif de secours a\u0300 de nombreuses victimes dit \u00ab ORSEC NOVI \u00bb.<\/li>\n<\/ul>\n<p>M\u00eame si la formation reprend le module \u00ab Risques collectifs et situations sanitaires exceptionnelles \u00bb de l\u2019AFGSU 1 et 2 et les dix modules de la section 4 \u00ab Attestation de formation spe\u0301cialise\u0301e aux gestes et soins d\u2019urgence en SSE \u00bb de l\u2019arre\u0302te\u0301 du 30 de\u0301cembre 2014, relatif a\u0300 l\u2019attestation de formation aux gestes et soins d&#8217;urgence, et de sa section, modifie\u0301 par arre\u0302te\u0301 du 16 mars 2021-art1 (AFGSU SSE).<br \/>Nous pouvons proposer des actions de DPC portant sur un\/des objectif(s) pe\u0301dagogique(s) de\u0301fini(s) par l\u2019arre\u0302te\u0301 suscite\u0301, seuls les ope\u0301rateurs qui y sont mentionne\u0301s (CESU, SSA et les universite\u0301s) peuvent proposer des actions donnant lieu a\u0300 la de\u0301livrance d\u2019une attestation a\u0300 l\u2019AFGSU.<\/p>\n<p>La formation en pr\u00e9sentiel dans des lieux idylliques offre une exp\u00e9rience de formation unique et immersive, optimisant l&#8217;acquisition des comp\u00e9tences vitales pour g\u00e9rer les Situations Sanitaires Exceptionnelles.<\/p>\n<p>[\/et_pb_text][\/et_pb_column][\/et_pb_row][\/et_pb_section][et_pb_section fb_built=&#8221;1&#8243; admin_label=&#8221;Call to Action&#8221; _builder_version=&#8221;4.24.2&#8243; _module_preset=&#8221;default&#8221; background_enable_color=&#8221;off&#8221; background_image=&#8221;http:\/\/formation-geste-soins-urgence-idel.fr\/wp-content\/uploads\/2024\/03\/avec-Mlle-Sanati-2.png&#8221; global_colors_info=&#8221;{%22gcid-6af2433c-136a-41e8-bdf8-d7150ce65f27%22:%91%22background_color%22%93}&#8221;][et_pb_row _builder_version=&#8221;4.16&#8243; _module_preset=&#8221;default&#8221; global_colors_info=&#8221;{}&#8221;][et_pb_column type=&#8221;4_4&#8243; _builder_version=&#8221;4.16&#8243; _module_preset=&#8221;default&#8221; global_colors_info=&#8221;{}&#8221;][et_pb_text _builder_version=&#8221;4.24.2&#8243; _module_preset=&#8221;b6cb9bd8-0fbd-4699-b58d-51b3d480db23&#8243; header_2_font=&#8221;Poppins|600|||||||&#8221; header_2_text_color=&#8221;#FFFFFF&#8221; header_2_font_size=&#8221;40px&#8221; header_2_line_height=&#8221;1.3em&#8221; text_orientation=&#8221;center&#8221; custom_margin=&#8221;||10px||false|false&#8221; header_2_font_size_tablet=&#8221;32px&#8221; header_2_font_size_phone=&#8221;20px&#8221; header_2_font_size_last_edited=&#8221;on|tablet&#8221; header_2_line_height_tablet=&#8221;1.4em&#8221; header_2_line_height_phone=&#8221;1.6em&#8221; header_2_line_height_last_edited=&#8221;on|tablet&#8221; header_2_text_shadow_style=&#8221;preset2&#8243; global_colors_info=&#8221;{}&#8221;]<\/p>\n<h2>LA GESTION DES SSE IMPLIQUE DE NOMBREUX ACTEURS<\/h2>\n<p>[\/et_pb_text][\/et_pb_column][\/et_pb_row][et_pb_row column_structure=&#8221;2_5,3_5&#8243; _builder_version=&#8221;4.24.2&#8243; _module_preset=&#8221;default&#8221; background_color=&#8221;#FFFFFF&#8221; global_colors_info=&#8221;{}&#8221;][et_pb_column type=&#8221;2_5&#8243; _builder_version=&#8221;4.24.2&#8243; _module_preset=&#8221;default&#8221; background_color=&#8221;rgba(255,255,255,0.22)&#8221; border_width_right=&#8221;1px&#8221; global_colors_info=&#8221;{}&#8221;][et_pb_text _builder_version=&#8221;4.24.2&#8243; _module_preset=&#8221;default&#8221; text_font=&#8221;Poppins||||||||&#8221; text_font_size=&#8221;16px&#8221; text_orientation=&#8221;center&#8221; global_colors_info=&#8221;{}&#8221;]<\/p>\n<p><strong>Pouvoirs publics<\/strong><br \/>Autorit\u00e9s nationales et locales<br \/><strong>Services de secours<\/strong><br \/>SAMU, pompiers, police, etc.<br \/><strong>Professionnels de sant\u00e9<\/strong><br \/>M\u00e9decins, infirmiers, pharmaciens, etc.<br \/><strong>Organisations non gouvernementales<\/strong><br \/>Croix-Rouge, M\u00e9decins sans Fronti\u00e8res, etc.<\/p>\n<p>[\/et_pb_text][\/et_pb_column][et_pb_column type=&#8221;3_5&#8243; _builder_version=&#8221;4.24.2&#8243; _module_preset=&#8221;default&#8221; global_colors_info=&#8221;{}&#8221;][et_pb_text _builder_version=&#8221;4.24.2&#8243; _module_preset=&#8221;default&#8221; text_font=&#8221;Poppins||||||||&#8221; text_font_size=&#8221;16px&#8221; background_enable_color=&#8221;off&#8221; text_orientation=&#8221;center&#8221; global_colors_info=&#8221;{}&#8221;]<\/p>\n<p>La coordination de l&#8217;action de ces diff\u00e9rents acteurs est essentielle pour une gestion efficace des SSE pr\u00e9cise le dispositif ORSAN mentionn\u00e9 \u00e0 l\u2019article L3131-11 du code de sant\u00e9 publique.<\/p>\n<p>Ainsi, la formation des professionnels de sante\u0301 civils et militaires constitue un e\u0301le\u0301ment important de la pre\u0301paration de la re\u0301ponse du syste\u0300me de sante\u0301 aux urgences et aux situations sanitaires exceptionnelles reposant sur le dispositif ORSAN, notamment la prise en charge des victimes d\u2019accidents collectifs, d\u2019attentats, d\u2019e\u0301pide\u0301mie, ou de catastrophes qui s\u2019articule avec la re\u0301ponse me\u0301dicale pre\u0301hospitalie\u0300re contribuant au dispositif ORSEC.<\/p>\n<p>[\/et_pb_text][\/et_pb_column][\/et_pb_row][\/et_pb_section][et_pb_section fb_built=&#8221;1&#8243; admin_label=&#8221;Blog&#8221; _builder_version=&#8221;4.16&#8243; _module_preset=&#8221;default&#8221; global_colors_info=&#8221;{}&#8221;][et_pb_row _builder_version=&#8221;4.16&#8243; _module_preset=&#8221;default&#8221; global_colors_info=&#8221;{}&#8221;][et_pb_column type=&#8221;4_4&#8243; _builder_version=&#8221;4.16&#8243; _module_preset=&#8221;default&#8221; global_colors_info=&#8221;{}&#8221;][et_pb_text _builder_version=&#8221;4.24.2&#8243; _module_preset=&#8221;b6cb9bd8-0fbd-4699-b58d-51b3d480db23&#8243; header_2_font=&#8221;Poppins|600||on|||||&#8221; header_2_text_color=&#8221;#ff6734&#8243; header_2_font_size=&#8221;52px&#8221; header_2_line_height=&#8221;1.3em&#8221; text_orientation=&#8221;center&#8221; max_width=&#8221;900px&#8221; module_alignment=&#8221;center&#8221; custom_margin=&#8221;||50px||false|false&#8221; header_2_font_size_tablet=&#8221;32px&#8221; header_2_font_size_phone=&#8221;20px&#8221; header_2_font_size_last_edited=&#8221;on|tablet&#8221; header_2_line_height_tablet=&#8221;1.4em&#8221; header_2_line_height_phone=&#8221;1.6em&#8221; header_2_line_height_last_edited=&#8221;on|tablet&#8221; global_colors_info=&#8221;{}&#8221;]<\/p>\n<h2>nos articles<\/h2>\n<p>[\/et_pb_text][et_pb_blog fullwidth=&#8221;off&#8221; posts_number=&#8221;3&#8243; show_author=&#8221;off&#8221; show_pagination=&#8221;off&#8221; _builder_version=&#8221;4.16&#8243; _module_preset=&#8221;default&#8221; header_font=&#8221;Poppins|600|||||||&#8221; header_text_color=&#8221;#000763&#8243; header_font_size=&#8221;16px&#8221; header_line_height=&#8221;1.5em&#8221; body_font=&#8221;Poppins||||||||&#8221; body_text_color=&#8221;#4F5168&#8243; body_font_size=&#8221;13px&#8221; body_line_height=&#8221;1.8em&#8221; meta_font=&#8221;Poppins|600|||||||&#8221; meta_text_color=&#8221;#8300E9&#8243; meta_font_size=&#8221;12px&#8221; meta_line_height=&#8221;1.8em&#8221; header_font_size_tablet=&#8221;16px&#8221; header_font_size_phone=&#8221;16px&#8221; header_font_size_last_edited=&#8221;off|phone&#8221; header_line_height_tablet=&#8221;1.7em&#8221; header_line_height_phone=&#8221;1.8em&#8221; header_line_height_last_edited=&#8221;on|phone&#8221; body_font_size_tablet=&#8221;15px&#8221; body_font_size_phone=&#8221;14px&#8221; body_font_size_last_edited=&#8221;off|desktop&#8221; meta_font_size_last_edited=&#8221;off|tablet&#8221; border_width_all=&#8221;0px&#8221; global_colors_info=&#8221;{}&#8221;][\/et_pb_blog][\/et_pb_column][\/et_pb_row][\/et_pb_section]<\/p>\n","protected":false},"excerpt":{"rendered":"<p>Formation situations sanitaires exceptionnelles : SSE Formation DPC idel en Occitanie, Perpignan &#8211; Toulouse &#8211; Montpellier &#8211; N\u00eemes &#8211; B\u00e9ziers &#8211; Narbonne &#8211; Montauban &#8211; Carcassonne ..Pour qui ?\u00c0 qui s&#8217;adresse cette formation ?FinancementFinancement jusqu&#8217;\u00e0 100%.Formation situations sanitaires exceptionnelles Formation DPC idel en Occitanie, Perpignan &#8211; Toulouse &#8211; Montpellier &#8211; N\u00eemes &#8211; B\u00e9ziers &#8211; Narbonne [&hellip;]<\/p>\n","protected":false},"author":1,"featured_media":19,"parent":0,"menu_order":0,"comment_status":"closed","ping_status":"closed","template":"","meta":{"_et_pb_use_builder":"on","_et_pb_old_content":"","_et_gb_content_width":"","footnotes":""},"class_list":["post-21","page","type-page","status-publish","has-post-thumbnail","hentry"],"yoast_head":"<!-- This site is optimized with the Yoast SEO plugin v27.3 - https:\/\/yoast.com\/product\/yoast-seo-wordpress\/ -->\n<title>Formation dpc idel : Situations sanitaires exceptionnelles : SSE<\/title>\n<meta name=\"description\" content=\"Situations sanitaires exceptionnelles SSE . Formation DPC idel en Occitanie. Perpignan - Toulouse - Montpellier - N\u00eemes - B\u00e9ziers - Narbonne\" \/>\n<meta name=\"robots\" content=\"index, follow, max-snippet:-1, max-image-preview:large, max-video-preview:-1\" \/>\n<link rel=\"canonical\" href=\"https:\/\/formation-geste-soins-urgence-idel.fr\/\" \/>\n<meta property=\"og:locale\" content=\"en_US\" \/>\n<meta property=\"og:type\" content=\"article\" \/>\n<meta property=\"og:title\" content=\"Formation dpc idel : Situations sanitaires exceptionnelles : SSE\" \/>\n<meta property=\"og:description\" content=\"Situations sanitaires exceptionnelles SSE . Formation DPC idel en Occitanie. Perpignan - Toulouse - Montpellier - N\u00eemes - B\u00e9ziers - Narbonne\" \/>\n<meta property=\"og:url\" content=\"https:\/\/formation-geste-soins-urgence-idel.fr\/\" \/>\n<meta property=\"og:site_name\" content=\"formation IDEL\" \/>\n<meta property=\"article:publisher\" content=\"https:\/\/www.facebook.com\/medeoformationdpc\/\" \/>\n<meta property=\"article:modified_time\" content=\"2026-02-17T10:34:39+00:00\" \/>\n<meta property=\"og:image\" content=\"http:\/\/formation-geste-soins-urgence-idel.fr\/wp-content\/uploads\/2024\/03\/Formation-DPC-idel-Pour-Infirmiere-liberale.png\" \/>\n\t<meta property=\"og:image:width\" content=\"500\" \/>\n\t<meta property=\"og:image:height\" content=\"250\" \/>\n\t<meta property=\"og:image:type\" content=\"image\/png\" \/>\n<meta name=\"twitter:card\" content=\"summary_large_image\" \/>\n<meta name=\"twitter:label1\" content=\"Est. reading time\" \/>\n\t<meta name=\"twitter:data1\" content=\"10 minutes\" \/>\n<script type=\"application\/ld+json\" class=\"yoast-schema-graph\">{\"@context\":\"https:\\\/\\\/schema.org\",\"@graph\":[{\"@type\":\"WebPage\",\"@id\":\"https:\\\/\\\/formation-geste-soins-urgence-idel.fr\\\/\",\"url\":\"https:\\\/\\\/formation-geste-soins-urgence-idel.fr\\\/\",\"name\":\"Formation dpc idel : Situations sanitaires exceptionnelles : SSE\",\"isPartOf\":{\"@id\":\"https:\\\/\\\/formation-geste-soins-urgence-idel.fr\\\/#website\"},\"primaryImageOfPage\":{\"@id\":\"https:\\\/\\\/formation-geste-soins-urgence-idel.fr\\\/#primaryimage\"},\"image\":{\"@id\":\"https:\\\/\\\/formation-geste-soins-urgence-idel.fr\\\/#primaryimage\"},\"thumbnailUrl\":\"https:\\\/\\\/formation-geste-soins-urgence-idel.fr\\\/wp-content\\\/uploads\\\/2024\\\/03\\\/Formation-DPC-idel-Pour-Infirmiere-liberale.png\",\"datePublished\":\"2024-03-13T16:58:52+00:00\",\"dateModified\":\"2026-02-17T10:34:39+00:00\",\"description\":\"Situations sanitaires exceptionnelles SSE . Formation DPC idel en Occitanie. Perpignan - Toulouse - Montpellier - N\u00eemes - B\u00e9ziers - Narbonne\",\"breadcrumb\":{\"@id\":\"https:\\\/\\\/formation-geste-soins-urgence-idel.fr\\\/#breadcrumb\"},\"inLanguage\":\"en-US\",\"potentialAction\":[{\"@type\":\"ReadAction\",\"target\":[\"https:\\\/\\\/formation-geste-soins-urgence-idel.fr\\\/\"]}]},{\"@type\":\"ImageObject\",\"inLanguage\":\"en-US\",\"@id\":\"https:\\\/\\\/formation-geste-soins-urgence-idel.fr\\\/#primaryimage\",\"url\":\"https:\\\/\\\/formation-geste-soins-urgence-idel.fr\\\/wp-content\\\/uploads\\\/2024\\\/03\\\/Formation-DPC-idel-Pour-Infirmiere-liberale.png\",\"contentUrl\":\"https:\\\/\\\/formation-geste-soins-urgence-idel.fr\\\/wp-content\\\/uploads\\\/2024\\\/03\\\/Formation-DPC-idel-Pour-Infirmiere-liberale.png\",\"width\":500,\"height\":250,\"caption\":\"Formation DPC idel - Pour Infirmier(e) lib\u00e9ral(e)\"},{\"@type\":\"BreadcrumbList\",\"@id\":\"https:\\\/\\\/formation-geste-soins-urgence-idel.fr\\\/#breadcrumb\",\"itemListElement\":[{\"@type\":\"ListItem\",\"position\":1,\"name\":\"Accueil\",\"item\":\"https:\\\/\\\/formation-geste-soins-urgence-idel.fr\\\/\"},{\"@type\":\"ListItem\",\"position\":2,\"name\":\"Formation DPC idel &#8211; Situations sanitaires exceptionnelles : SSE\"}]},{\"@type\":\"WebSite\",\"@id\":\"https:\\\/\\\/formation-geste-soins-urgence-idel.fr\\\/#website\",\"url\":\"https:\\\/\\\/formation-geste-soins-urgence-idel.fr\\\/\",\"name\":\"formation IDEL situations sanitaires exceptionnelles SSE\",\"description\":\"Formation DPC idel - Pour Infirmier(e) lib\u00e9ral(e)\",\"publisher\":{\"@id\":\"https:\\\/\\\/formation-geste-soins-urgence-idel.fr\\\/#organization\"},\"potentialAction\":[{\"@type\":\"SearchAction\",\"target\":{\"@type\":\"EntryPoint\",\"urlTemplate\":\"https:\\\/\\\/formation-geste-soins-urgence-idel.fr\\\/?s={search_term_string}\"},\"query-input\":{\"@type\":\"PropertyValueSpecification\",\"valueRequired\":true,\"valueName\":\"search_term_string\"}}],\"inLanguage\":\"en-US\"},{\"@type\":\"Organization\",\"@id\":\"https:\\\/\\\/formation-geste-soins-urgence-idel.fr\\\/#organization\",\"name\":\"formation IDEL situations sanitaires exceptionnelles SSE\",\"url\":\"https:\\\/\\\/formation-geste-soins-urgence-idel.fr\\\/\",\"logo\":{\"@type\":\"ImageObject\",\"inLanguage\":\"en-US\",\"@id\":\"https:\\\/\\\/formation-geste-soins-urgence-idel.fr\\\/#\\\/schema\\\/logo\\\/image\\\/\",\"url\":\"https:\\\/\\\/formation-geste-soins-urgence-idel.fr\\\/wp-content\\\/uploads\\\/2024\\\/03\\\/Formation-DPC-idel-Pour-Infirmiere-liberale.png\",\"contentUrl\":\"https:\\\/\\\/formation-geste-soins-urgence-idel.fr\\\/wp-content\\\/uploads\\\/2024\\\/03\\\/Formation-DPC-idel-Pour-Infirmiere-liberale.png\",\"width\":500,\"height\":250,\"caption\":\"formation IDEL situations sanitaires exceptionnelles SSE\"},\"image\":{\"@id\":\"https:\\\/\\\/formation-geste-soins-urgence-idel.fr\\\/#\\\/schema\\\/logo\\\/image\\\/\"},\"sameAs\":[\"https:\\\/\\\/www.facebook.com\\\/medeoformationdpc\\\/\"]}]}<\/script>\n<!-- \/ Yoast SEO plugin. -->","yoast_head_json":{"title":"Formation dpc idel : Situations sanitaires exceptionnelles : SSE","description":"Situations sanitaires exceptionnelles SSE . Formation DPC idel en Occitanie. Perpignan - Toulouse - Montpellier - N\u00eemes - B\u00e9ziers - Narbonne","robots":{"index":"index","follow":"follow","max-snippet":"max-snippet:-1","max-image-preview":"max-image-preview:large","max-video-preview":"max-video-preview:-1"},"canonical":"https:\/\/formation-geste-soins-urgence-idel.fr\/","og_locale":"en_US","og_type":"article","og_title":"Formation dpc idel : Situations sanitaires exceptionnelles : SSE","og_description":"Situations sanitaires exceptionnelles SSE . Formation DPC idel en Occitanie. Perpignan - Toulouse - Montpellier - N\u00eemes - B\u00e9ziers - Narbonne","og_url":"https:\/\/formation-geste-soins-urgence-idel.fr\/","og_site_name":"formation IDEL","article_publisher":"https:\/\/www.facebook.com\/medeoformationdpc\/","article_modified_time":"2026-02-17T10:34:39+00:00","og_image":[{"width":500,"height":250,"url":"http:\/\/formation-geste-soins-urgence-idel.fr\/wp-content\/uploads\/2024\/03\/Formation-DPC-idel-Pour-Infirmiere-liberale.png","type":"image\/png"}],"twitter_card":"summary_large_image","twitter_misc":{"Est. reading time":"10 minutes"},"schema":{"@context":"https:\/\/schema.org","@graph":[{"@type":"WebPage","@id":"https:\/\/formation-geste-soins-urgence-idel.fr\/","url":"https:\/\/formation-geste-soins-urgence-idel.fr\/","name":"Formation dpc idel : Situations sanitaires exceptionnelles : SSE","isPartOf":{"@id":"https:\/\/formation-geste-soins-urgence-idel.fr\/#website"},"primaryImageOfPage":{"@id":"https:\/\/formation-geste-soins-urgence-idel.fr\/#primaryimage"},"image":{"@id":"https:\/\/formation-geste-soins-urgence-idel.fr\/#primaryimage"},"thumbnailUrl":"https:\/\/formation-geste-soins-urgence-idel.fr\/wp-content\/uploads\/2024\/03\/Formation-DPC-idel-Pour-Infirmiere-liberale.png","datePublished":"2024-03-13T16:58:52+00:00","dateModified":"2026-02-17T10:34:39+00:00","description":"Situations sanitaires exceptionnelles SSE . Formation DPC idel en Occitanie. Perpignan - Toulouse - Montpellier - N\u00eemes - B\u00e9ziers - Narbonne","breadcrumb":{"@id":"https:\/\/formation-geste-soins-urgence-idel.fr\/#breadcrumb"},"inLanguage":"en-US","potentialAction":[{"@type":"ReadAction","target":["https:\/\/formation-geste-soins-urgence-idel.fr\/"]}]},{"@type":"ImageObject","inLanguage":"en-US","@id":"https:\/\/formation-geste-soins-urgence-idel.fr\/#primaryimage","url":"https:\/\/formation-geste-soins-urgence-idel.fr\/wp-content\/uploads\/2024\/03\/Formation-DPC-idel-Pour-Infirmiere-liberale.png","contentUrl":"https:\/\/formation-geste-soins-urgence-idel.fr\/wp-content\/uploads\/2024\/03\/Formation-DPC-idel-Pour-Infirmiere-liberale.png","width":500,"height":250,"caption":"Formation DPC idel - Pour Infirmier(e) lib\u00e9ral(e)"},{"@type":"BreadcrumbList","@id":"https:\/\/formation-geste-soins-urgence-idel.fr\/#breadcrumb","itemListElement":[{"@type":"ListItem","position":1,"name":"Accueil","item":"https:\/\/formation-geste-soins-urgence-idel.fr\/"},{"@type":"ListItem","position":2,"name":"Formation DPC idel &#8211; Situations sanitaires exceptionnelles : SSE"}]},{"@type":"WebSite","@id":"https:\/\/formation-geste-soins-urgence-idel.fr\/#website","url":"https:\/\/formation-geste-soins-urgence-idel.fr\/","name":"formation IDEL situations sanitaires exceptionnelles SSE","description":"Formation DPC idel - Pour Infirmier(e) lib\u00e9ral(e)","publisher":{"@id":"https:\/\/formation-geste-soins-urgence-idel.fr\/#organization"},"potentialAction":[{"@type":"SearchAction","target":{"@type":"EntryPoint","urlTemplate":"https:\/\/formation-geste-soins-urgence-idel.fr\/?s={search_term_string}"},"query-input":{"@type":"PropertyValueSpecification","valueRequired":true,"valueName":"search_term_string"}}],"inLanguage":"en-US"},{"@type":"Organization","@id":"https:\/\/formation-geste-soins-urgence-idel.fr\/#organization","name":"formation IDEL situations sanitaires exceptionnelles SSE","url":"https:\/\/formation-geste-soins-urgence-idel.fr\/","logo":{"@type":"ImageObject","inLanguage":"en-US","@id":"https:\/\/formation-geste-soins-urgence-idel.fr\/#\/schema\/logo\/image\/","url":"https:\/\/formation-geste-soins-urgence-idel.fr\/wp-content\/uploads\/2024\/03\/Formation-DPC-idel-Pour-Infirmiere-liberale.png","contentUrl":"https:\/\/formation-geste-soins-urgence-idel.fr\/wp-content\/uploads\/2024\/03\/Formation-DPC-idel-Pour-Infirmiere-liberale.png","width":500,"height":250,"caption":"formation IDEL situations sanitaires exceptionnelles SSE"},"image":{"@id":"https:\/\/formation-geste-soins-urgence-idel.fr\/#\/schema\/logo\/image\/"},"sameAs":["https:\/\/www.facebook.com\/medeoformationdpc\/"]}]}},"_links":{"self":[{"href":"https:\/\/formation-geste-soins-urgence-idel.fr\/index.php\/wp-json\/wp\/v2\/pages\/21","targetHints":{"allow":["GET"]}}],"collection":[{"href":"https:\/\/formation-geste-soins-urgence-idel.fr\/index.php\/wp-json\/wp\/v2\/pages"}],"about":[{"href":"https:\/\/formation-geste-soins-urgence-idel.fr\/index.php\/wp-json\/wp\/v2\/types\/page"}],"author":[{"embeddable":true,"href":"https:\/\/formation-geste-soins-urgence-idel.fr\/index.php\/wp-json\/wp\/v2\/users\/1"}],"replies":[{"embeddable":true,"href":"https:\/\/formation-geste-soins-urgence-idel.fr\/index.php\/wp-json\/wp\/v2\/comments?post=21"}],"version-history":[{"count":34,"href":"https:\/\/formation-geste-soins-urgence-idel.fr\/index.php\/wp-json\/wp\/v2\/pages\/21\/revisions"}],"predecessor-version":[{"id":987511709,"href":"https:\/\/formation-geste-soins-urgence-idel.fr\/index.php\/wp-json\/wp\/v2\/pages\/21\/revisions\/987511709"}],"wp:featuredmedia":[{"embeddable":true,"href":"https:\/\/formation-geste-soins-urgence-idel.fr\/index.php\/wp-json\/wp\/v2\/media\/19"}],"wp:attachment":[{"href":"https:\/\/formation-geste-soins-urgence-idel.fr\/index.php\/wp-json\/wp\/v2\/media?parent=21"}],"curies":[{"name":"wp","href":"https:\/\/api.w.org\/{rel}","templated":true}]}}